{"id":6,"date":"2021-07-06T07:38:00","date_gmt":"2021-07-06T07:38:00","guid":{"rendered":"http:\/\/saludmentalvillarrobledo.org\/?page_id=6"},"modified":"2024-07-10T06:55:06","modified_gmt":"2024-07-10T06:55:06","slug":"inicio","status":"publish","type":"page","link":"https:\/\/saludmentalvillarrobledo.org\/","title":{"rendered":"Salud Mental Villarrobledo"},"content":{"rendered":"<p>[et_pb_section fb_built=\u00bb1&#8243; _builder_version=\u00bb4.16&#8243; _module_preset=\u00bbdefault\u00bb custom_padding=\u00bb0px||11px|||\u00bb global_colors_info=\u00bb{}\u00bb][\/et_pb_section][et_pb_section fb_built=\u00bb1&#8243; _builder_version=\u00bb4.16&#8243; _module_preset=\u00bbdefault\u00bb custom_margin=\u00bb||-68px|||\u00bb custom_padding=\u00bb||0px|||\u00bb global_colors_info=\u00bb{}\u00bb][\/et_pb_section][et_pb_section fb_built=\u00bb1&#8243; fullwidth=\u00bbon\u00bb _builder_version=\u00bb4.16&#8243; _module_preset=\u00bbdefault\u00bb global_colors_info=\u00bb{}\u00bb][et_pb_fullwidth_slider _builder_version=\u00bb4.25.0&#8243; _module_preset=\u00bbdefault\u00bb body_font=\u00bbAveria Gruesa Libre|700|||||||\u00bb body_font_size=\u00bb59px\u00bb use_background_color_gradient=\u00bbon\u00bb background_color_gradient_stops=\u00bb#146168 0%|rgba(165,148,39,0.32) 100%\u00bb background_color_gradient_start=\u00bb#146168&#8243; background_color_gradient_end=\u00bbrgba(165,148,39,0.32)\u00bb background_enable_image=\u00bboff\u00bb custom_margin=\u00bb81px|||||\u00bb custom_padding=\u00bb257px|||||\u00bb global_colors_info=\u00bb{}\u00bb][et_pb_slide use_text_overlay=\u00bbon\u00bb text_overlay_color=\u00bbrgba(255,255,255,0.82)\u00bb text_border_radius=\u00bb7px\u00bb _builder_version=\u00bb4.25.0&#8243; _module_preset=\u00bbdefault\u00bb header_level=\u00bbh1&#8243; header_font_size=\u00bb18px\u00bb header_letter_spacing=\u00bb2px\u00bb body_text_align=\u00bbcenter\u00bb body_text_color=\u00bb#000000&#8243; body_font_size=\u00bb42px\u00bb body_letter_spacing=\u00bb11px\u00bb body_line_height=\u00bb1.5em\u00bb background_color=\u00bb#7ebec5&#8243; background_enable_color=\u00bbon\u00bb use_background_color_gradient=\u00bbon\u00bb background_color_gradient_stops=\u00bbrgba(215,129,52,0.39) 0%|rgba(255,255,255,0.4) 100%\u00bb background_color_gradient_start=\u00bbrgba(215,129,52,0.39)\u00bb background_color_gradient_end=\u00bbrgba(255,255,255,0.4)\u00bb background_image=\u00bbhttps:\/\/saludmentalvillarrobledo.org\/wp-content\/uploads\/2024\/04\/SaludMentalVillarrobledoMural-scaled.jpg\u00bb background_enable_image=\u00bbon\u00bb background_blend=\u00bbsoft-light\u00bb width=\u00bb100%\u00bb max_width=\u00bb100%\u00bb global_colors_info=\u00bb{}\u00bb body_font_size__hover_enabled=\u00bbon|desktop\u00bb body_font_size__hover=\u00bb42px\u00bb sticky_transition=\u00bbon\u00bb]<\/p>\n<h2 style=\"text-align: center;\"><span style=\"color: #000000; font-size: calc(1em + 1vw);\"><strong>Asociaci\u00f3n Salud Mental<\/strong><\/span><\/h2>\n<h2 style=\"text-align: center;\"><\/h2>\n<h2 style=\"text-align: center;\"><span style=\"color: #000000; font-size: calc(1em + 1vw);\"><strong><\/strong><\/span><\/h2>\n<h2 style=\"text-align: center;\"><span style=\"color: #000000; font-size: calc(1em + 1vw);\"><strong>Villarrobledo<\/strong><\/span><\/h2>\n<p>[\/et_pb_slide][\/et_pb_fullwidth_slider][\/et_pb_section][et_pb_section fb_built=\u00bb1&#8243; admin_label=\u00bbFeatures\u00bb _builder_version=\u00bb4.16&#8243; custom_margin=\u00bb||||false\u00bb custom_padding=\u00bb0px||0px||true\u00bb top_divider_style=\u00bbcurve\u00bb top_divider_color=\u00bb#ffffff\u00bb top_divider_height=\u00bb2.5vw\u00bb top_divider_arrangement=\u00bbabove_content\u00bb global_colors_info=\u00bb{}\u00bb][et_pb_row column_structure=\u00bb1_3,1_3,1_3&#8243; use_custom_gutter=\u00bbon\u00bb gutter_width=\u00bb1&#8243; make_equal=\u00bbon\u00bb padding_top_bottom_link_1=\u00bbtrue\u00bb padding_top_bottom_link_2=\u00bbtrue\u00bb padding_top_bottom_link_3=\u00bbtrue\u00bb padding_left_right_link_1=\u00bbtrue\u00bb padding_left_right_link_2=\u00bbtrue\u00bb padding_left_right_link_3=\u00bbtrue\u00bb module_class=\u00bb et_pb_row_fullwidth\u00bb _builder_version=\u00bb4.16&#8243; width=\u00bb100%\u00bb width_tablet=\u00bb100%\u00bb width_phone=\u00bb\u00bb width_last_edited=\u00bbon|desktop\u00bb max_width=\u00bb100%\u00bb max_width_tablet=\u00bb100%\u00bb max_width_phone=\u00bb\u00bb max_width_last_edited=\u00bbon|desktop\u00bb custom_padding=\u00bb0|0px|0px|0px|false|false\u00bb make_fullwidth=\u00bbon\u00bb global_colors_info=\u00bb{}\u00bb][et_pb_column type=\u00bb1_3&#8243; _builder_version=\u00bb4.16&#8243; background_color=\u00bbrgba(56,92,85,0.85)\u00bb custom_padding=\u00bb80px|4%|80px|4%\u00bb custom_padding_tablet=\u00bb|10%||10%||true\u00bb custom_padding_phone=\u00bb\u00bb custom_padding_last_edited=\u00bbon|tablet\u00bb global_colors_info=\u00bb{}\u00bb padding_tablet=\u00bb|10%||10%||true\u00bb padding_last_edited=\u00bbon|tablet\u00bb custom_padding__hover=\u00bb|||\u00bb padding_phone=\u00bb|10%||10%||true\u00bb][et_pb_image src=\u00bbhttp:\/\/saludmentalvillarrobledo.org\/wp-content\/uploads\/2021\/07\/therapist-05.png\u00bb align=\u00bbcenter\u00bb align_tablet=\u00bbcenter\u00bb align_phone=\u00bb\u00bb align_last_edited=\u00bbon|desktop\u00bb _builder_version=\u00bb4.16&#8243; max_height=\u00bb100px\u00bb custom_margin=\u00bb||20px|\u00bb animation_style=\u00bbfade\u00bb global_colors_info=\u00bb{}\u00bb][\/et_pb_image][et_pb_cta title=\u00bbSobre Nosotros\u00bb button_url=\u00bbhttp:\/\/saludmentalvillarrobledo.org\/index.php\/sobre-nosotros\/\u00bb button_text=\u00bbLeer m\u00e1s\u00bb _builder_version=\u00bb4.17.3&#8243; header_font=\u00bbAveria Gruesa Libre|600|||||||\u00bb header_text_color=\u00bb#ffffff\u00bb header_font_size=\u00bb42px\u00bb header_line_height=\u00bb1.5em\u00bb body_font=\u00bb||||||||\u00bb body_text_color=\u00bb#ffffff\u00bb body_font_size=\u00bb16px\u00bb body_line_height=\u00bb2em\u00bb use_background_color=\u00bboff\u00bb custom_button=\u00bbon\u00bb button_text_size=\u00bb12px\u00bb button_text_color=\u00bb#ffffff\u00bb button_bg_color=\u00bb#7f8dff\u00bb button_border_width=\u00bb8px\u00bb button_border_color=\u00bbrgba(0,0,0,0)\u00bb button_border_radius=\u00bb100px\u00bb button_letter_spacing=\u00bb2px\u00bb button_font=\u00bbZilla Slab|600||on|||||\u00bb background_layout=\u00bblight\u00bb header_font_size_tablet=\u00bb\u00bb header_font_size_phone=\u00bb32px\u00bb header_font_size_last_edited=\u00bbon|phone\u00bb box_shadow_style_button=\u00bbpreset3&#8243; box_shadow_color_button=\u00bbrgba(127,141,255,0.4)\u00bb button_letter_spacing_hover=\u00bb2px\u00bb global_colors_info=\u00bb{}\u00bb button_text_size__hover_enabled=\u00bboff\u00bb button_one_text_size__hover_enabled=\u00bboff\u00bb button_two_text_size__hover_enabled=\u00bboff\u00bb button_text_color__hover_enabled=\u00bboff\u00bb button_one_text_color__hover_enabled=\u00bboff\u00bb button_two_text_color__hover_enabled=\u00bboff\u00bb button_border_width__hover_enabled=\u00bboff\u00bb button_one_border_width__hover_enabled=\u00bboff\u00bb button_two_border_width__hover_enabled=\u00bboff\u00bb button_border_color__hover_enabled=\u00bboff\u00bb button_one_border_color__hover_enabled=\u00bboff\u00bb button_two_border_color__hover_enabled=\u00bboff\u00bb button_border_radius__hover_enabled=\u00bboff\u00bb button_one_border_radius__hover_enabled=\u00bboff\u00bb button_two_border_radius__hover_enabled=\u00bboff\u00bb button_letter_spacing__hover_enabled=\u00bbon\u00bb button_letter_spacing__hover=\u00bb2px\u00bb button_one_letter_spacing__hover_enabled=\u00bboff\u00bb button_two_letter_spacing__hover_enabled=\u00bboff\u00bb button_bg_color__hover_enabled=\u00bboff\u00bb button_one_bg_color__hover_enabled=\u00bboff\u00bb button_two_bg_color__hover_enabled=\u00bboff\u00bb][\/et_pb_cta][\/et_pb_column][et_pb_column type=\u00bb1_3&#8243; _builder_version=\u00bb4.16&#8243; background_color=\u00bbrgba(215,129,52,0.81)\u00bb custom_padding=\u00bb80px|4%|80px|4%\u00bb custom_padding_tablet=\u00bb|10%||10%||true\u00bb custom_padding_phone=\u00bb\u00bb custom_padding_last_edited=\u00bbon|tablet\u00bb global_colors_info=\u00bb{}\u00bb padding_tablet=\u00bb|10%||10%||true\u00bb padding_last_edited=\u00bbon|tablet\u00bb custom_padding__hover=\u00bb|||\u00bb padding_phone=\u00bb|10%||10%||true\u00bb][et_pb_image src=\u00bbhttp:\/\/saludmentalvillarrobledo.org\/wp-content\/uploads\/2021\/07\/therapist-04.png\u00bb align=\u00bbcenter\u00bb align_tablet=\u00bbcenter\u00bb align_phone=\u00bb\u00bb align_last_edited=\u00bbon|desktop\u00bb _builder_version=\u00bb4.16&#8243; max_height=\u00bb100px\u00bb custom_margin=\u00bb||20px|\u00bb animation_style=\u00bbfade\u00bb global_colors_info=\u00bb{}\u00bb][\/et_pb_image][et_pb_cta title=\u00bbLucha Contra el Estigma\u00bb button_url=\u00bbhttp:\/\/saludmentalvillarrobledo.org\/index.php\/lucha-contra-el-estigma\/\u00bb button_text=\u00bbleer m\u00e1s\u00bb _builder_version=\u00bb4.17.3&#8243; header_font=\u00bbAveria Gruesa Libre|600|||||||\u00bb header_text_color=\u00bb#ffffff\u00bb header_font_size=\u00bb42px\u00bb header_line_height=\u00bb1.5em\u00bb body_font=\u00bb||||||||\u00bb body_text_color=\u00bb#ffffff\u00bb body_font_size=\u00bb16px\u00bb body_line_height=\u00bb2em\u00bb use_background_color=\u00bboff\u00bb custom_button=\u00bbon\u00bb button_text_size=\u00bb12px\u00bb button_text_color=\u00bb#ffffff\u00bb button_bg_color=\u00bb#7f8dff\u00bb button_border_width=\u00bb8px\u00bb button_border_color=\u00bbrgba(0,0,0,0)\u00bb button_border_radius=\u00bb100px\u00bb button_letter_spacing=\u00bb2px\u00bb button_font=\u00bbZilla Slab|600||on|||||\u00bb background_layout=\u00bblight\u00bb header_font_size_tablet=\u00bb\u00bb header_font_size_phone=\u00bb32px\u00bb header_font_size_last_edited=\u00bbon|phone\u00bb box_shadow_style_button=\u00bbpreset3&#8243; box_shadow_color_button=\u00bbrgba(127,141,255,0.4)\u00bb button_letter_spacing_hover=\u00bb2px\u00bb locked=\u00bboff\u00bb global_colors_info=\u00bb{}\u00bb button_text_size__hover_enabled=\u00bboff\u00bb button_one_text_size__hover_enabled=\u00bboff\u00bb button_two_text_size__hover_enabled=\u00bboff\u00bb button_text_color__hover_enabled=\u00bboff\u00bb button_one_text_color__hover_enabled=\u00bboff\u00bb button_two_text_color__hover_enabled=\u00bboff\u00bb button_border_width__hover_enabled=\u00bboff\u00bb button_one_border_width__hover_enabled=\u00bboff\u00bb button_two_border_width__hover_enabled=\u00bboff\u00bb button_border_color__hover_enabled=\u00bboff\u00bb button_one_border_color__hover_enabled=\u00bboff\u00bb button_two_border_color__hover_enabled=\u00bboff\u00bb button_border_radius__hover_enabled=\u00bboff\u00bb button_one_border_radius__hover_enabled=\u00bboff\u00bb button_two_border_radius__hover_enabled=\u00bboff\u00bb button_letter_spacing__hover_enabled=\u00bbon\u00bb button_letter_spacing__hover=\u00bb2px\u00bb button_one_letter_spacing__hover_enabled=\u00bboff\u00bb button_two_letter_spacing__hover_enabled=\u00bboff\u00bb button_bg_color__hover_enabled=\u00bboff\u00bb button_one_bg_color__hover_enabled=\u00bboff\u00bb button_two_bg_color__hover_enabled=\u00bboff\u00bb][\/et_pb_cta][\/et_pb_column][et_pb_column type=\u00bb1_3&#8243; _builder_version=\u00bb4.16&#8243; background_color=\u00bbrgba(178,60,31,0.65)\u00bb custom_padding=\u00bb80px|4%|80px|4%\u00bb custom_padding_tablet=\u00bb|10%||10%||true\u00bb custom_padding_phone=\u00bb\u00bb custom_padding_last_edited=\u00bbon|tablet\u00bb global_colors_info=\u00bb{}\u00bb padding_tablet=\u00bb|10%||10%||true\u00bb padding_last_edited=\u00bbon|tablet\u00bb custom_padding__hover=\u00bb|||\u00bb padding_phone=\u00bb|10%||10%||true\u00bb][et_pb_image src=\u00bbhttp:\/\/saludmentalvillarrobledo.org\/wp-content\/uploads\/2021\/07\/therapist-03.png\u00bb align=\u00bbcenter\u00bb align_tablet=\u00bbcenter\u00bb align_phone=\u00bb\u00bb align_last_edited=\u00bbon|desktop\u00bb _builder_version=\u00bb4.16&#8243; max_height=\u00bb100px\u00bb custom_margin=\u00bb||20px|\u00bb animation_style=\u00bbfade\u00bb global_colors_info=\u00bb{}\u00bb][\/et_pb_image][et_pb_cta title=\u00bb Servicios\u00bb button_url=\u00bbhttp:\/\/saludmentalvillarrobledo.org\/index.php\/servicios\/\u00bb button_text=\u00bbLeer m\u00e1s\u00bb _builder_version=\u00bb4.17.3&#8243; header_font=\u00bbAveria Gruesa Libre|600|||||||\u00bb header_text_color=\u00bb#ffffff\u00bb header_font_size=\u00bb42px\u00bb header_line_height=\u00bb1.5em\u00bb body_font=\u00bb||||||||\u00bb body_text_color=\u00bb#ffffff\u00bb body_font_size=\u00bb16px\u00bb body_line_height=\u00bb2em\u00bb use_background_color=\u00bboff\u00bb custom_button=\u00bbon\u00bb button_text_size=\u00bb12px\u00bb button_text_color=\u00bb#ffffff\u00bb button_bg_color=\u00bb#7f8dff\u00bb button_border_width=\u00bb8px\u00bb button_border_color=\u00bbrgba(0,0,0,0)\u00bb button_border_radius=\u00bb100px\u00bb button_letter_spacing=\u00bb2px\u00bb button_font=\u00bbZilla Slab|600||on|||||\u00bb background_layout=\u00bblight\u00bb header_font_size_tablet=\u00bb\u00bb header_font_size_phone=\u00bb32px\u00bb header_font_size_last_edited=\u00bbon|phone\u00bb box_shadow_style_button=\u00bbpreset3&#8243; box_shadow_color_button=\u00bbrgba(127,141,255,0.4)\u00bb button_letter_spacing_hover=\u00bb2px\u00bb locked=\u00bboff\u00bb global_colors_info=\u00bb{}\u00bb button_text_size__hover_enabled=\u00bboff\u00bb button_one_text_size__hover_enabled=\u00bboff\u00bb button_two_text_size__hover_enabled=\u00bboff\u00bb button_text_color__hover_enabled=\u00bboff\u00bb button_one_text_color__hover_enabled=\u00bboff\u00bb button_two_text_color__hover_enabled=\u00bboff\u00bb button_border_width__hover_enabled=\u00bboff\u00bb button_one_border_width__hover_enabled=\u00bboff\u00bb button_two_border_width__hover_enabled=\u00bboff\u00bb button_border_color__hover_enabled=\u00bboff\u00bb button_one_border_color__hover_enabled=\u00bboff\u00bb button_two_border_color__hover_enabled=\u00bboff\u00bb button_border_radius__hover_enabled=\u00bboff\u00bb button_one_border_radius__hover_enabled=\u00bboff\u00bb button_two_border_radius__hover_enabled=\u00bboff\u00bb button_letter_spacing__hover_enabled=\u00bbon\u00bb button_letter_spacing__hover=\u00bb2px\u00bb button_one_letter_spacing__hover_enabled=\u00bboff\u00bb button_two_letter_spacing__hover_enabled=\u00bboff\u00bb button_bg_color__hover_enabled=\u00bboff\u00bb button_one_bg_color__hover_enabled=\u00bboff\u00bb button_two_bg_color__hover_enabled=\u00bboff\u00bb][\/et_pb_cta][\/et_pb_column][\/et_pb_row][\/et_pb_section][et_pb_section fb_built=\u00bb1&#8243; custom_padding_last_edited=\u00bbon|tablet\u00bb admin_label=\u00bbHow it Works\u00bb _builder_version=\u00bb4.16&#8243; background_image=\u00bbhttp:\/\/saludmentalvillarrobledo.org\/wp-content\/uploads\/2021\/07\/therapist-12-1.png\u00bb parallax=\u00bbon\u00bb custom_padding=\u00bb31px|0px|31px|0px|true|false\u00bb custom_padding_tablet=\u00bb40px||40px||true\u00bb custom_padding_phone=\u00bb\u00bb box_shadow_style=\u00bbpreset1&#8243; global_colors_info=\u00bb{}\u00bb][et_pb_row column_structure=\u00bb1_4,1_4,1_4,1_4&#8243; _builder_version=\u00bb4.16&#8243; width=\u00bb77%\u00bb max_width=\u00bb1624px\u00bb custom_padding=\u00bb||0px|||\u00bb global_colors_info=\u00bb{}\u00bb][et_pb_column type=\u00bb1_4&#8243; _builder_version=\u00bb4.16&#8243; custom_padding=\u00bb|||\u00bb global_colors_info=\u00bb{}\u00bb custom_padding__hover=\u00bb|||\u00bb][et_pb_blurb title=\u00bbAcci\u00f3n\u00bb use_icon=\u00bbon\u00bb font_icon=\u00bb&#x6c;||divi||400&#8243; icon_color=\u00bb#d78134&#8243; image_icon_width=\u00bb55px\u00bb _builder_version=\u00bb4.16&#8243; header_font=\u00bbAveria Gruesa Libre|600|||||||\u00bb header_font_size=\u00bb27px\u00bb body_font=\u00bbAveria Gruesa Libre||||||||\u00bb body_font_size=\u00bb19px\u00bb body_line_height=\u00bb2em\u00bb text_orientation=\u00bbcenter\u00bb animation_style=\u00bbfade\u00bb animation_delay=\u00bb200ms\u00bb animation=\u00bboff\u00bb header_font_size_tablet=\u00bb\u00bb header_font_size_phone=\u00bb26px\u00bb header_font_size_last_edited=\u00bbon|phone\u00bb icon_font_size=\u00bb60px\u00bb global_colors_info=\u00bb{}\u00bb]<\/p>\n<p>Desarrollar acciones para<span> integraci\u00f3n y plena normalizaci\u00f3n de la vida de las personas con enfermedad mental<\/span><\/p>\n<p>[\/et_pb_blurb][\/et_pb_column][et_pb_column type=\u00bb1_4&#8243; _builder_version=\u00bb4.16&#8243; custom_padding=\u00bb|||\u00bb global_colors_info=\u00bb{}\u00bb custom_padding__hover=\u00bb|||\u00bb][et_pb_blurb title=\u00bbEquipo\u00bb use_icon=\u00bbon\u00bb font_icon=\u00bb&#xe08b;||divi||400&#8243; icon_color=\u00bb#d78134&#8243; image_icon_width=\u00bb55px\u00bb _builder_version=\u00bb4.16&#8243; header_font=\u00bbAveria Gruesa Libre|600|||||||\u00bb header_font_size=\u00bb27px\u00bb body_font=\u00bbAveria Gruesa Libre||||||||\u00bb body_font_size=\u00bb19px\u00bb body_line_height=\u00bb2em\u00bb text_orientation=\u00bbcenter\u00bb animation_style=\u00bbfade\u00bb animation_delay=\u00bb200ms\u00bb animation=\u00bboff\u00bb header_font_size_tablet=\u00bb\u00bb header_font_size_phone=\u00bb26px\u00bb header_font_size_last_edited=\u00bbon|phone\u00bb body_font_size_last_edited=\u00bboff|phone\u00bb icon_font_size=\u00bb60px\u00bb locked=\u00bboff\u00bb global_colors_info=\u00bb{}\u00bb]<\/p>\n<p>Trabajo en equipo para garantizar el \u00e9xito de nuestros objetivos principales<\/p>\n<p>[\/et_pb_blurb][\/et_pb_column][et_pb_column type=\u00bb1_4&#8243; _builder_version=\u00bb4.16&#8243; custom_padding=\u00bb|||\u00bb global_colors_info=\u00bb{}\u00bb custom_padding__hover=\u00bb|||\u00bb][et_pb_blurb title=\u00bbInvestigaci\u00f3n\u00bb use_icon=\u00bbon\u00bb font_icon=\u00bb&#x55;||divi||400&#8243; icon_color=\u00bb#d78134&#8243; image_icon_width=\u00bb55px\u00bb _builder_version=\u00bb4.16&#8243; header_font=\u00bbAveria Gruesa Libre|600|||||||\u00bb header_font_size=\u00bb27px\u00bb body_font=\u00bbAveria Gruesa Libre||||||||\u00bb body_font_size=\u00bb19px\u00bb body_line_height=\u00bb2em\u00bb text_orientation=\u00bbcenter\u00bb animation_style=\u00bbfade\u00bb animation_delay=\u00bb200ms\u00bb animation=\u00bboff\u00bb header_font_size_tablet=\u00bb\u00bb header_font_size_phone=\u00bb26px\u00bb header_font_size_last_edited=\u00bbon|phone\u00bb body_font_size_last_edited=\u00bboff|phone\u00bb icon_font_size=\u00bb60px\u00bb locked=\u00bboff\u00bb global_colors_info=\u00bb{}\u00bb]<\/p>\n<p>Profundizar en situaciones reales de estigma para desempe\u00f1ar buenas practicas<\/p>\n<p>[\/et_pb_blurb][\/et_pb_column][et_pb_column type=\u00bb1_4&#8243; _builder_version=\u00bb4.16&#8243; custom_padding=\u00bb|||\u00bb global_colors_info=\u00bb{}\u00bb custom_padding__hover=\u00bb|||\u00bb][et_pb_blurb title=\u00bbComunicaci\u00f3n\u00bb use_icon=\u00bbon\u00bb font_icon=\u00bb&#x77;||divi||400&#8243; icon_color=\u00bb#d78134&#8243; image_icon_width=\u00bb55px\u00bb _builder_version=\u00bb4.16&#8243; header_font=\u00bbAveria Gruesa Libre|600|||||||\u00bb header_font_size=\u00bb27px\u00bb body_font=\u00bbAveria Gruesa Libre||||||||\u00bb body_font_size=\u00bb19px\u00bb body_line_height=\u00bb2em\u00bb text_orientation=\u00bbcenter\u00bb animation_style=\u00bbfade\u00bb animation_delay=\u00bb200ms\u00bb animation=\u00bboff\u00bb header_font_size_tablet=\u00bb\u00bb header_font_size_phone=\u00bb26px\u00bb header_font_size_last_edited=\u00bbon|phone\u00bb icon_font_size=\u00bb60px\u00bb locked=\u00bboff\u00bb global_colors_info=\u00bb{}\u00bb]<\/p>\n<p>Comunicar y difundir el conocimiento generado con el objetivo de extender nuestro trabajo<\/p>\n<p>&nbsp;<\/p>\n<p>[\/et_pb_blurb][\/et_pb_column][\/et_pb_row][\/et_pb_section][et_pb_section fb_built=\u00bb1&#8243; admin_label=\u00bbRegistration CTA\u00bb _builder_version=\u00bb4.16&#8243; box_shadow_style=\u00bbpreset1&#8243; global_colors_info=\u00bb{}\u00bb][et_pb_row column_structure=\u00bb1_2,1_4,1_4&#8243; use_custom_gutter=\u00bbon\u00bb gutter_width=\u00bb2&#8243; custom_padding_last_edited=\u00bbon|phone\u00bb _builder_version=\u00bb4.16&#8243; background_color=\u00bbrgba(56,92,85,0.92)\u00bb background_image=\u00bbhttp:\/\/saludmentalvillarrobledo.org\/wp-content\/uploads\/2021\/11\/couple2.png\u00bb parallax=\u00bbon\u00bb max_width=\u00bb1636px\u00bb custom_padding=\u00bb64px|60px|64px|60px|true|true\u00bb custom_padding_tablet=\u00bb|40px||40px||true\u00bb custom_padding_phone=\u00bb30px|20px|30px|20px|true|true\u00bb animation_style=\u00bbzoom\u00bb animation_intensity_zoom=\u00bb2%\u00bb border_radii=\u00bbon|12px|12px|12px|12px\u00bb box_shadow_style=\u00bbpreset1&#8243; box_shadow_vertical=\u00bb20px\u00bb box_shadow_blur=\u00bb80px\u00bb box_shadow_color=\u00bbrgba(15,19,25,0.1)\u00bb use_custom_width=\u00bbon\u00bb custom_width_px=\u00bb1280px\u00bb global_colors_info=\u00bb{}\u00bb][et_pb_column type=\u00bb1_2&#8243; _builder_version=\u00bb4.16&#8243; custom_padding=\u00bb|||\u00bb global_colors_info=\u00bb{}\u00bb custom_padding__hover=\u00bb|||\u00bb][et_pb_text _builder_version=\u00bb4.16&#8243; text_font=\u00bbAveria Gruesa Libre||||||||\u00bb text_font_size=\u00bb17px\u00bb text_line_height=\u00bb2em\u00bb ul_font=\u00bb||||||||\u00bb ol_font=\u00bb||||||||\u00bb header_font=\u00bb||||||||\u00bb header_2_font=\u00bbAveria Gruesa Libre||||||||\u00bb header_2_font_size=\u00bb50px\u00bb header_2_line_height=\u00bb1.3em\u00bb header_3_font=\u00bb||||||||\u00bb header_4_font=\u00bb||||||||\u00bb header_5_font=\u00bb||||||||\u00bb header_6_font=\u00bb||||||||\u00bb background_layout=\u00bbdark\u00bb text_line_height_tablet=\u00bb\u00bb text_line_height_phone=\u00bb1.6em\u00bb text_line_height_last_edited=\u00bbon|phone\u00bb header_2_font_size_tablet=\u00bb40px\u00bb header_2_font_size_phone=\u00bb30px\u00bb header_2_font_size_last_edited=\u00bbon|phone\u00bb locked=\u00bboff\u00bb global_colors_info=\u00bb{}\u00bb]<\/p>\n<h2>Ay\u00fadanos a seguir avanzando juntos<\/h2>\n<p>Pon tu grano de arena para contribuir a la recuperaci\u00f3n e integraci\u00f3n social de personas que experimentan procesos de estigmatizaci\u00f3n.<\/p>\n<p>[\/et_pb_text][\/et_pb_column][et_pb_column type=\u00bb1_4&#8243; _builder_version=\u00bb4.16&#8243; custom_padding=\u00bb60px|||\u00bb custom_padding_tablet=\u00bb0px|||\u00bb custom_padding_phone=\u00bb0px|||\u00bb custom_padding_last_edited=\u00bbon|desktop\u00bb global_colors_info=\u00bb{}\u00bb padding_tablet=\u00bb0px|||\u00bb padding_last_edited=\u00bbon|desktop\u00bb custom_padding__hover=\u00bb|||\u00bb padding_phone=\u00bb0px|||\u00bb][et_pb_button button_url=\u00bbhttp:\/\/saludmentalvillarrobledo.org\/index.php\/hazte-socio\/\u00bb button_text=\u00bbHazte socio\u00bb button_alignment=\u00bbright\u00bb _builder_version=\u00bb4.16&#8243; custom_button=\u00bbon\u00bb button_text_size=\u00bb16px\u00bb button_text_color=\u00bb#ffffff\u00bb button_bg_color=\u00bb#ff4d54&#8243; button_border_width=\u00bb0px\u00bb button_border_radius=\u00bb100px\u00bb button_letter_spacing=\u00bb1px\u00bb button_font=\u00bb|700||on|||||\u00bb custom_padding=\u00bb14px|34px|14px|34px|true|true\u00bb box_shadow_style=\u00bbpreset1&#8243; box_shadow_vertical=\u00bb10px\u00bb box_shadow_blur=\u00bb30px\u00bb box_shadow_color=\u00bbrgba(255,77,84,0.24)\u00bb button_letter_spacing_hover=\u00bb1px\u00bb locked=\u00bboff\u00bb global_colors_info=\u00bb{}\u00bb button_text_size__hover_enabled=\u00bboff\u00bb button_one_text_size__hover_enabled=\u00bboff\u00bb button_two_text_size__hover_enabled=\u00bboff\u00bb button_text_color__hover_enabled=\u00bboff\u00bb button_one_text_color__hover_enabled=\u00bboff\u00bb button_two_text_color__hover_enabled=\u00bboff\u00bb button_border_width__hover_enabled=\u00bboff\u00bb button_one_border_width__hover_enabled=\u00bboff\u00bb button_two_border_width__hover_enabled=\u00bboff\u00bb button_border_color__hover_enabled=\u00bboff\u00bb button_one_border_color__hover_enabled=\u00bboff\u00bb button_two_border_color__hover_enabled=\u00bboff\u00bb button_border_radius__hover_enabled=\u00bboff\u00bb button_one_border_radius__hover_enabled=\u00bboff\u00bb button_two_border_radius__hover_enabled=\u00bboff\u00bb button_letter_spacing__hover_enabled=\u00bbon\u00bb button_letter_spacing__hover=\u00bb1px\u00bb button_one_letter_spacing__hover_enabled=\u00bboff\u00bb button_two_letter_spacing__hover_enabled=\u00bboff\u00bb button_bg_color__hover_enabled=\u00bboff\u00bb button_one_bg_color__hover_enabled=\u00bboff\u00bb button_two_bg_color__hover_enabled=\u00bboff\u00bb][\/et_pb_button][\/et_pb_column][et_pb_column type=\u00bb1_4&#8243; _builder_version=\u00bb4.16&#8243; custom_padding=\u00bb60px|||\u00bb custom_padding_tablet=\u00bb0px|||||\u00bb custom_padding_phone=\u00bb0px|||||\u00bb custom_padding_last_edited=\u00bbon|desktop\u00bb global_colors_info=\u00bb{}\u00bb padding_tablet=\u00bb0px|||||\u00bb padding_last_edited=\u00bbon|desktop\u00bb custom_padding__hover=\u00bb|||\u00bb padding_phone=\u00bb0px|||||\u00bb][et_pb_button button_url=\u00bbhttp:\/\/saludmentalvillarrobledo.org\/index.php\/voluntariado\/\u00bb button_text=\u00bbVoluntariado\u00bb button_alignment=\u00bbleft\u00bb _builder_version=\u00bb4.16&#8243; custom_button=\u00bbon\u00bb button_text_size=\u00bb16px\u00bb button_text_color=\u00bb#ffffff\u00bb button_bg_color=\u00bb#3cbebe\u00bb button_border_width=\u00bb0px\u00bb button_border_radius=\u00bb100px\u00bb button_letter_spacing=\u00bb1px\u00bb button_font=\u00bb|700||on|||||\u00bb custom_padding=\u00bb14px|34px|14px|34px|true|true\u00bb box_shadow_style=\u00bbpreset1&#8243; box_shadow_vertical=\u00bb10px\u00bb box_shadow_blur=\u00bb30px\u00bb box_shadow_color=\u00bbrgba(60,190,190,0.24)\u00bb button_letter_spacing_hover=\u00bb1px\u00bb locked=\u00bboff\u00bb global_colors_info=\u00bb{}\u00bb button_text_size__hover_enabled=\u00bboff\u00bb button_one_text_size__hover_enabled=\u00bboff\u00bb button_two_text_size__hover_enabled=\u00bboff\u00bb button_text_color__hover_enabled=\u00bboff\u00bb button_one_text_color__hover_enabled=\u00bboff\u00bb button_two_text_color__hover_enabled=\u00bboff\u00bb button_border_width__hover_enabled=\u00bboff\u00bb button_one_border_width__hover_enabled=\u00bboff\u00bb button_two_border_width__hover_enabled=\u00bboff\u00bb button_border_color__hover_enabled=\u00bboff\u00bb button_one_border_color__hover_enabled=\u00bboff\u00bb button_two_border_color__hover_enabled=\u00bboff\u00bb button_border_radius__hover_enabled=\u00bboff\u00bb button_one_border_radius__hover_enabled=\u00bboff\u00bb button_two_border_radius__hover_enabled=\u00bboff\u00bb button_letter_spacing__hover_enabled=\u00bbon\u00bb button_letter_spacing__hover=\u00bb1px\u00bb button_one_letter_spacing__hover_enabled=\u00bboff\u00bb button_two_letter_spacing__hover_enabled=\u00bboff\u00bb button_bg_color__hover_enabled=\u00bboff\u00bb button_one_bg_color__hover_enabled=\u00bboff\u00bb button_two_bg_color__hover_enabled=\u00bboff\u00bb][\/et_pb_button][\/et_pb_column][\/et_pb_row][\/et_pb_section][et_pb_section fb_built=\u00bb1&#8243; _builder_version=\u00bb4.16&#8243; custom_padding=\u00bb42px||110px|||\u00bb global_colors_info=\u00bb{}\u00bb][et_pb_row _builder_version=\u00bb4.16&#8243; locked=\u00bboff\u00bb global_colors_info=\u00bb{}\u00bb][et_pb_column type=\u00bb4_4&#8243; _builder_version=\u00bb4.16&#8243; custom_padding=\u00bb|||\u00bb global_colors_info=\u00bb{}\u00bb custom_padding__hover=\u00bb|||\u00bb][et_pb_blurb title=\u00bbMunicipios donde presta atenci\u00f3n Asociaci\u00f3n Salud Mental Villarrobledo\u00bb image=\u00bbhttp:\/\/saludmentalvillarrobledo.org\/wp-content\/uploads\/2021\/11\/Castilla-La-Mancha.png\u00bb icon_placement=\u00bbleft\u00bb content_max_width=\u00bb1100px\u00bb _builder_version=\u00bb4.16&#8243; header_font=\u00bbAveria Gruesa Libre|700|||||||\u00bb header_text_align=\u00bbcenter\u00bb header_font_size=\u00bb40px\u00bb header_line_height=\u00bb1.6em\u00bb body_font=\u00bb||||||||\u00bb body_font_size=\u00bb15px\u00bb body_line_height=\u00bb2em\u00bb header_font_size_tablet=\u00bb\u00bb header_font_size_phone=\u00bb15px\u00bb header_font_size_last_edited=\u00bbon|phone\u00bb body_line_height_tablet=\u00bb\u00bb body_line_height_phone=\u00bb1.6em\u00bb body_line_height_last_edited=\u00bbon|phone\u00bb custom_css_blurb_image=\u00bbwidth:90px\u00bb locked=\u00bboff\u00bb global_colors_info=\u00bb{}\u00bb][\/et_pb_blurb][\/et_pb_column][\/et_pb_row][et_pb_row column_structure=\u00bb1_4,1_4,1_4,1_4&#8243; use_custom_gutter=\u00bbon\u00bb _builder_version=\u00bb4.16&#8243; width=\u00bb82%\u00bb max_width=\u00bb1454px\u00bb custom_margin=\u00bb-13px|auto||auto||\u00bb custom_padding=\u00bb|||\u00bb box_shadow_style=\u00bbpreset3&#8243; global_colors_info=\u00bb{}\u00bb][et_pb_column type=\u00bb1_4&#8243; _builder_version=\u00bb4.16&#8243; custom_padding=\u00bb|||\u00bb global_colors_info=\u00bb{}\u00bb custom_padding__hover=\u00bb|||\u00bb][et_pb_text admin_label=\u00bbList\u00bb _builder_version=\u00bb4.17.0&#8243; text_font=\u00bbAveria Libre|700|||||||\u00bb text_text_color=\u00bb#E09900&#8243; text_font_size=\u00bb17px\u00bb text_line_height=\u00bb2em\u00bb header_line_height=\u00bb1.3em\u00bb custom_padding=\u00bb10px|||\u00bb animation_style=\u00bbslide\u00bb animation_direction=\u00bbtop\u00bb animation_intensity_slide=\u00bb10%\u00bb global_colors_info=\u00bb{}\u00bb]<\/p>\n<h1><\/h1>\n<p style=\"text-align: center;\"><strong>Villarrobledo<\/strong><br \/><strong>Munera<\/strong><br \/><strong>Ossa de Montiel<\/strong><br \/><strong>El Ballestero<\/strong><br \/><strong>El Bonillo<\/strong><br \/><strong>Belmonte<\/strong><br \/><strong>Carrascosa de Haro<\/strong><br \/><strong>Ossa de la Vega<\/strong><\/p>\n<p>[\/et_pb_text][\/et_pb_column][et_pb_column type=\u00bb1_4&#8243; _builder_version=\u00bb4.16&#8243; custom_padding=\u00bb|||\u00bb global_colors_info=\u00bb{}\u00bb custom_padding__hover=\u00bb|||\u00bb][et_pb_text admin_label=\u00bbList\u00bb _builder_version=\u00bb4.16&#8243; text_font=\u00bbAveria Libre|700|||||||\u00bb text_text_color=\u00bb#E09900&#8243; text_font_size=\u00bb17px\u00bb text_line_height=\u00bb2em\u00bb header_line_height=\u00bb1.3em\u00bb custom_padding=\u00bb10px|||\u00bb animation_style=\u00bbslide\u00bb animation_direction=\u00bbtop\u00bb animation_intensity_slide=\u00bb10%\u00bb global_colors_info=\u00bb{}\u00bb]<\/p>\n<h1><\/h1>\n<p style=\"text-align: center;\"><strong>Tresjuncos<\/strong><br \/><strong>Fuentelespino de Haro<\/strong><br \/><strong>Rada de Haro<\/strong><br \/><strong>Villalgordo del Marquesado<\/strong><br \/><strong>Casas de Benitez<\/strong><br \/><strong>Casas de Guijarro<\/strong><br \/><strong>Villar de la Encina<\/strong><br \/><strong>Villaescusa de Haro<\/strong><\/p>\n<p>[\/et_pb_text][\/et_pb_column][et_pb_column type=\u00bb1_4&#8243; _builder_version=\u00bb4.16&#8243; custom_padding=\u00bb|||\u00bb global_colors_info=\u00bb{}\u00bb custom_padding__hover=\u00bb|||\u00bb][et_pb_text admin_label=\u00bbList\u00bb _builder_version=\u00bb4.16&#8243; text_font=\u00bbAveria Libre|700|||||||\u00bb text_text_color=\u00bb#E09900&#8243; text_font_size=\u00bb17px\u00bb text_line_height=\u00bb2em\u00bb header_line_height=\u00bb1.3em\u00bb custom_padding=\u00bb10px|||\u00bb animation_style=\u00bbslide\u00bb animation_direction=\u00bbtop\u00bb animation_intensity_slide=\u00bb10%\u00bb global_colors_info=\u00bb{}\u00bb]<\/p>\n<h1><\/h1>\n<p style=\"text-align: center;\"><strong>Las Pedro\u00f1eras<\/strong><br \/><strong>Las Mesas<\/strong><br \/><strong>El Provencio<\/strong><br \/><strong>El Pedernoso<\/strong><br \/><strong>Sisante<\/strong><br \/><strong>Vara del Rey<\/strong><br \/><strong>Santa Mar\u00eda de los Llanos<\/strong><br \/><strong>San Clemente<\/strong><\/p>\n<p>[\/et_pb_text][\/et_pb_column][et_pb_column type=\u00bb1_4&#8243; _builder_version=\u00bb4.16&#8243; custom_padding=\u00bb|||\u00bb global_colors_info=\u00bb{}\u00bb custom_padding__hover=\u00bb|||\u00bb][et_pb_text admin_label=\u00bbList\u00bb _builder_version=\u00bb4.16&#8243; text_font=\u00bbAveria Libre|700|||||||\u00bb text_text_color=\u00bb#E09900&#8243; text_font_size=\u00bb17px\u00bb text_line_height=\u00bb2em\u00bb header_line_height=\u00bb1.3em\u00bb custom_padding=\u00bb10px|||\u00bb animation_style=\u00bbslide\u00bb animation_direction=\u00bbtop\u00bb animation_intensity_slide=\u00bb10%\u00bb global_colors_info=\u00bb{}\u00bb]<\/p>\n<h1><\/h1>\n<p style=\"text-align: center;\"><strong>Casas de Fernando Alonso<\/strong><br \/><strong>Casas de los Pinos<\/strong><br \/><strong>Casas de Haro<\/strong><br \/><strong>La Alberca del Z\u00e1ncara<\/strong><br \/><strong>Santa Mar\u00eda de Campo Rus<\/strong><br \/><strong>Pozoamargo<\/strong><br \/><strong>T\u00e9bar<\/strong><\/p>\n<p>[\/et_pb_text][\/et_pb_column][\/et_pb_row][\/et_pb_section][et_pb_section fb_built=\u00bb1&#8243; admin_label=\u00bbFooter\u00bb _builder_version=\u00bb4.16&#8243; _module_preset=\u00bbdefault\u00bb background_color=\u00bbrgba(0,0,0,0.48)\u00bb custom_margin=\u00bb-12px||||false|false\u00bb saved_tabs=\u00bball\u00bb global_colors_info=\u00bb{}\u00bb][et_pb_row column_structure=\u00bb1_3,1_3,1_3&#8243; use_custom_gutter=\u00bbon\u00bb gutter_width=\u00bb1&#8243; make_equal=\u00bbon\u00bb _builder_version=\u00bb4.16&#8243; _module_preset=\u00bbdefault\u00bb max_width=\u00bb1440px\u00bb custom_margin=\u00bb-90px||||false|false\u00bb custom_padding=\u00bb3px||||false|false\u00bb global_colors_info=\u00bb{}\u00bb][et_pb_column type=\u00bb1_3&#8243; _builder_version=\u00bb4.16&#8243; _module_preset=\u00bbdefault\u00bb background_color=\u00bb#d78134&#8243; background_enable_image=\u00bboff\u00bb background_size=\u00bbinitial\u00bb background_position=\u00bbtop_right\u00bb background_repeat=\u00bbrepeat-y\u00bb custom_padding=\u00bb40px|40px|40px|20px|true|false\u00bb global_colors_info=\u00bb{}\u00bb][et_pb_text _builder_version=\u00bb4.16&#8243; _module_preset=\u00bb5c989a74-8649-4b9a-a4a2-6d2b8ae2551c\u00bb header_4_font=\u00bbAveria Gruesa Libre|700||on|||||\u00bb header_4_text_color=\u00bbrgba(255,255,255,0.5)\u00bb header_4_font_size=\u00bb22px\u00bb header_4_letter_spacing=\u00bb3px\u00bb header_4_line_height=\u00bb1.5em\u00bb custom_margin=\u00bb||0px||false|false\u00bb locked=\u00bboff\u00bb global_colors_info=\u00bb{}\u00bb]<\/p>\n<h4 style=\"text-align: center;\">DIRECCI\u00d3N<\/h4>\n<p>[\/et_pb_text][et_pb_text _builder_version=\u00bb4.16&#8243; _module_preset=\u00bbc2a3d585-c259-4e5a-8faa-710c0e634348&#8243; text_font=\u00bbAveria Gruesa Libre|500|||||||\u00bb text_text_color=\u00bb#FFFFFF\u00bb text_font_size=\u00bb17px\u00bb text_line_height=\u00bb1.6em\u00bb header_5_text_color=\u00bb#FFFFFF\u00bb header_5_line_height=\u00bb1.8em\u00bb text_font_size_tablet=\u00bb15px\u00bb text_font_size_phone=\u00bb14px\u00bb text_font_size_last_edited=\u00bbon|desktop\u00bb header_font_size_tablet=\u00bb55px\u00bb header_font_size_last_edited=\u00bboff|desktop\u00bb locked=\u00bboff\u00bb global_colors_info=\u00bb{}\u00bb]<\/p>\n<p style=\"text-align: center;\"><span>C. San Lorenzo, 39, 02600 \u2013 Villarrobledo \u2013 Albacete.<\/span><\/p>\n<p>[\/et_pb_text][\/et_pb_column][et_pb_column type=\u00bb1_3&#8243; _builder_version=\u00bb4.16&#8243; _module_preset=\u00bbdefault\u00bb background_color=\u00bb#385c55&#8243; background_enable_image=\u00bboff\u00bb background_size=\u00bbinitial\u00bb background_position=\u00bbtop_right\u00bb background_repeat=\u00bbrepeat-y\u00bb custom_padding=\u00bb40px|40px|40px|20px|true|false\u00bb global_colors_info=\u00bb{}\u00bb][et_pb_text _builder_version=\u00bb4.16&#8243; _module_preset=\u00bb5c989a74-8649-4b9a-a4a2-6d2b8ae2551c\u00bb header_4_font=\u00bbAveria Gruesa Libre|700||on|||||\u00bb header_4_text_color=\u00bbrgba(255,255,255,0.5)\u00bb header_4_font_size=\u00bb22px\u00bb header_4_letter_spacing=\u00bb3px\u00bb header_4_line_height=\u00bb1.5em\u00bb custom_margin=\u00bb||0px||false|false\u00bb locked=\u00bboff\u00bb global_colors_info=\u00bb{}\u00bb]<\/p>\n<h4 style=\"text-align: center;\">Email<\/h4>\n<p>[\/et_pb_text][et_pb_text _builder_version=\u00bb4.17.3&#8243; _module_preset=\u00bbc2a3d585-c259-4e5a-8faa-710c0e634348&#8243; text_font=\u00bbAveria Gruesa Libre|500|||||||\u00bb text_text_color=\u00bb#FFFFFF\u00bb text_font_size=\u00bb17px\u00bb text_line_height=\u00bb1.6em\u00bb link_text_color=\u00bb#FFFFFF\u00bb header_5_text_color=\u00bb#FFFFFF\u00bb header_5_line_height=\u00bb1.8em\u00bb text_font_size_tablet=\u00bb15px\u00bb text_font_size_phone=\u00bb14px\u00bb text_font_size_last_edited=\u00bbon|desktop\u00bb locked=\u00bboff\u00bb global_colors_info=\u00bb{}\u00bb]<\/p>\n<p style=\"text-align: center;\"><span><a href=\"mailto:asociacion@saludmentalvillarrobledo.org\">asociacion@saludmentalvillarrobledo.org<\/a><\/span><\/p>\n<p>[\/et_pb_text][\/et_pb_column][et_pb_column type=\u00bb1_3&#8243; _builder_version=\u00bb4.16&#8243; _module_preset=\u00bbdefault\u00bb background_color=\u00bb#b23c1f\u00bb background_enable_image=\u00bboff\u00bb background_size=\u00bbinitial\u00bb background_position=\u00bbtop_right\u00bb background_repeat=\u00bbrepeat-y\u00bb custom_padding=\u00bb40px|40px|40px|20px|true|false\u00bb global_colors_info=\u00bb{}\u00bb][et_pb_text _builder_version=\u00bb4.16&#8243; _module_preset=\u00bb5c989a74-8649-4b9a-a4a2-6d2b8ae2551c\u00bb header_4_font=\u00bbAveria Gruesa Libre|700||on|||||\u00bb header_4_text_color=\u00bbrgba(255,255,255,0.5)\u00bb header_4_font_size=\u00bb22px\u00bb header_4_letter_spacing=\u00bb3px\u00bb header_4_line_height=\u00bb1.5em\u00bb custom_margin=\u00bb||0px||false|false\u00bb locked=\u00bboff\u00bb global_colors_info=\u00bb{}\u00bb]<\/p>\n<h4 style=\"text-align: center;\">Tel\u00e9fono<\/h4>\n<p>[\/et_pb_text][et_pb_text _builder_version=\u00bb4.16&#8243; _module_preset=\u00bbc2a3d585-c259-4e5a-8faa-710c0e634348&#8243; text_font=\u00bbAveria Gruesa Libre|500|||||||\u00bb text_text_color=\u00bb#FFFFFF\u00bb text_font_size=\u00bb17px\u00bb text_line_height=\u00bb1.6em\u00bb link_text_color=\u00bb#FFFFFF\u00bb header_5_text_color=\u00bb#FFFFFF\u00bb header_5_line_height=\u00bb1.8em\u00bb text_font_size_tablet=\u00bb15px\u00bb text_font_size_phone=\u00bb14px\u00bb text_font_size_last_edited=\u00bbon|desktop\u00bb header_font_size_tablet=\u00bb55px\u00bb header_font_size_last_edited=\u00bboff|desktop\u00bb locked=\u00bboff\u00bb global_colors_info=\u00bb{}\u00bb]<\/p>\n<p style=\"text-align: center;\"><span>967 14 44 42<\/span><\/p>\n<p>[\/et_pb_text][\/et_pb_column][\/et_pb_row][et_pb_row column_structure=\u00bb1_3,1_3,1_3&#8243; use_custom_gutter=\u00bbon\u00bb _builder_version=\u00bb4.16&#8243; _module_preset=\u00bbdefault\u00bb width=\u00bb82%\u00bb max_width=\u00bb1426px\u00bb global_colors_info=\u00bb{}\u00bb][et_pb_column type=\u00bb1_3&#8243; _builder_version=\u00bb4.16&#8243; _module_preset=\u00bbdefault\u00bb global_colors_info=\u00bb{}\u00bb][et_pb_code _builder_version=\u00bb4.16&#8243; _module_preset=\u00bbdefault\u00bb global_colors_info=\u00bb{}\u00bb]<iframe src=\"https:\/\/www.google.com\/maps\/embed?pb=!1m14!1m8!1m3!1d12356.1252725826!2d-2.6148206!3d39.264856!3m2!1i1024!2i768!4f13.1!3m3!1m2!1s0x0%3A0x384ea9ab0cb0e7ae!2sAsociaci%C3%B3n%20Salud%20Mental%20Villarrobledo!5e0!3m2!1ses!2ses!4v1649415906633!5m2!1ses!2ses\" width=\"500\" height=\"200\" style=\"border:0;\" allowfullscreen=\"\" loading=\"lazy\" referrerpolicy=\"no-referrer-when-downgrade\"><\/iframe>[\/et_pb_code][\/et_pb_column][et_pb_column type=\u00bb1_3&#8243; _builder_version=\u00bb4.16&#8243; _module_preset=\u00bbdefault\u00bb global_colors_info=\u00bb{}\u00bb][et_pb_text _builder_version=\u00bb4.16&#8243; _module_preset=\u00bb5c989a74-8649-4b9a-a4a2-6d2b8ae2551c\u00bb header_4_font=\u00bbAveria Gruesa Libre|700||on|||||\u00bb header_4_text_color=\u00bb#FFFFFF\u00bb header_4_font_size=\u00bb22px\u00bb header_4_letter_spacing=\u00bb3px\u00bb header_4_line_height=\u00bb1.5em\u00bb header_5_text_color=\u00bb#FFFFFF\u00bb custom_margin=\u00bb||0px||false|false\u00bb locked=\u00bboff\u00bb global_colors_info=\u00bb{}\u00bb]<\/p>\n<h4>Pol\u00edticas<\/h4>\n<p>[\/et_pb_text][et_pb_text _builder_version=\u00bb4.26.0&#8243; _module_preset=\u00bb7262e956-c376-4aa6-9642-c413f71527d0&#8243; text_font=\u00bbAveria Gruesa Libre||||||||\u00bb text_line_height=\u00bb1.8em\u00bb link_text_color=\u00bb#FFFFFF\u00bb link_font_size=\u00bb17px\u00bb link_line_height=\u00bb1.2em\u00bb hover_enabled=\u00bb0&#8243; header_font_size_tablet=\u00bb55px\u00bb header_font_size_last_edited=\u00bboff|desktop\u00bb locked=\u00bboff\u00bb global_colors_info=\u00bb{}\u00bb sticky_enabled=\u00bb0&#8243;]<\/p>\n<p><a href=\"https:\/\/saludmentalvillarrobledo.org\/index.php\/politicas-de-privacidad\/\">Pol\u00edticas de Privacidad<\/a><br \/><a href=\"https:\/\/saludmentalvillarrobledo.org\/index.php\/aviso-legal\/\">Compromiso con la protecci\u00f3n de datos personales<\/a><br \/><a href=\"https:\/\/saludmentalvillarrobledo.org\/index.php\/politica-de-cookies\/\">Pol\u00edticas de Cookies<\/a><\/p>\n<p>[\/et_pb_text][\/et_pb_column][et_pb_column type=\u00bb1_3&#8243; _builder_version=\u00bb4.16&#8243; _module_preset=\u00bbdefault\u00bb global_colors_info=\u00bb{}\u00bb][et_pb_text _builder_version=\u00bb4.16&#8243; _module_preset=\u00bb5c989a74-8649-4b9a-a4a2-6d2b8ae2551c\u00bb header_4_font=\u00bbAveria Gruesa Libre|700||on|||||\u00bb header_4_text_color=\u00bb#FFFFFF\u00bb header_4_font_size=\u00bb22px\u00bb header_4_letter_spacing=\u00bb3px\u00bb header_4_line_height=\u00bb1.5em\u00bb header_5_text_color=\u00bb#FFFFFF\u00bb custom_margin=\u00bb||0px||false|false\u00bb locked=\u00bboff\u00bb global_colors_info=\u00bb{}\u00bb]<\/p>\n<h4>Asociaci\u00f3n<\/h4>\n<p>[\/et_pb_text][et_pb_text _builder_version=\u00bb4.17.0&#8243; _module_preset=\u00bb7262e956-c376-4aa6-9642-c413f71527d0&#8243; text_font=\u00bbAveria Gruesa Libre||||||||\u00bb text_line_height=\u00bb1.8em\u00bb link_text_color=\u00bb#FFFFFF\u00bb link_font_size=\u00bb17px\u00bb link_line_height=\u00bb1.2em\u00bb header_font_size_tablet=\u00bb55px\u00bb header_font_size_last_edited=\u00bboff|desktop\u00bb locked=\u00bboff\u00bb global_colors_info=\u00bb{}\u00bb]<\/p>\n<p><a href=\"http:\/\/saludmentalvillarrobledo.org\/index.php\/sobre-nosotros\/\">Sobre Nosotros<\/a><br \/><a href=\"http:\/\/saludmentalvillarrobledo.org\/index.php\/que-hacemos\/\">Misi\u00f3n, Fines y Valores<\/a><br \/><a href=\"http:\/\/saludmentalvillarrobledo.org\/index.php\/servicios\/\">Servicios<\/a><\/p>\n<p>[\/et_pb_text][\/et_pb_column][\/et_pb_row][\/et_pb_section]<\/p>\n","protected":false},"excerpt":{"rendered":"<p>Asociaci\u00f3n Salud Mental VillarrobledoDesarrollar acciones para integraci\u00f3n y plena normalizaci\u00f3n de la vida de las personas con enfermedad mentalTrabajo en equipo para garantizar el \u00e9xito de nuestros objetivos principalesProfundizar en situaciones reales de estigma para desempe\u00f1ar buenas practicasComunicar y difundir el conocimiento generado con el objetivo de extender nuestro trabajo &nbsp;Ay\u00fadanos a seguir avanzando juntos [&hellip;]<\/p>\n","protected":false},"author":1,"featured_media":0,"parent":0,"menu_order":0,"comment_status":"closed","ping_status":"open","template":"","meta":{"_et_pb_use_builder":"on","_et_pb_old_content":"","_et_gb_content_width":"","footnotes":""},"class_list":["post-6","page","type-page","status-publish","hentry"],"_links":{"self":[{"href":"https:\/\/saludmentalvillarrobledo.org\/index.php\/wp-json\/wp\/v2\/pages\/6","targetHints":{"allow":["GET"]}}],"collection":[{"href":"https:\/\/saludmentalvillarrobledo.org\/index.php\/wp-json\/wp\/v2\/pages"}],"about":[{"href":"https:\/\/saludmentalvillarrobledo.org\/index.php\/wp-json\/wp\/v2\/types\/page"}],"author":[{"embeddable":true,"href":"https:\/\/saludmentalvillarrobledo.org\/index.php\/wp-json\/wp\/v2\/users\/1"}],"replies":[{"embeddable":true,"href":"https:\/\/saludmentalvillarrobledo.org\/index.php\/wp-json\/wp\/v2\/comments?post=6"}],"version-history":[{"count":213,"href":"https:\/\/saludmentalvillarrobledo.org\/index.php\/wp-json\/wp\/v2\/pages\/6\/revisions"}],"predecessor-version":[{"id":2654,"href":"https:\/\/saludmentalvillarrobledo.org\/index.php\/wp-json\/wp\/v2\/pages\/6\/revisions\/2654"}],"wp:attachment":[{"href":"https:\/\/saludmentalvillarrobledo.org\/index.php\/wp-json\/wp\/v2\/media?parent=6"}],"curies":[{"name":"wp","href":"https:\/\/api.w.org\/{rel}","templated":true}]}}