{"id":463,"date":"2021-08-27T09:41:36","date_gmt":"2021-08-27T09:41:36","guid":{"rendered":"http:\/\/saludmentalvillarrobledo.org\/?page_id=463"},"modified":"2026-03-02T09:01:34","modified_gmt":"2026-03-02T09:01:34","slug":"servicios","status":"publish","type":"page","link":"https:\/\/saludmentalvillarrobledo.org\/index.php\/servicios\/","title":{"rendered":"Servicios"},"content":{"rendered":"<p>[et_pb_section fb_built=\u00bb1&#8243; _builder_version=\u00bb4.16&#8243; _module_preset=\u00bbdefault\u00bb global_colors_info=\u00bb{}\u00bb][et_pb_row _builder_version=\u00bb4.16&#8243; _module_preset=\u00bbdefault\u00bb global_colors_info=\u00bb{}\u00bb][et_pb_column type=\u00bb4_4&#8243; _builder_version=\u00bb4.16&#8243; _module_preset=\u00bbdefault\u00bb global_colors_info=\u00bb{}\u00bb][et_pb_divider show_divider=\u00bboff\u00bb _builder_version=\u00bb4.16&#8243; _module_preset=\u00bbdefault\u00bb global_colors_info=\u00bb{}\u00bb][\/et_pb_divider][\/et_pb_column][\/et_pb_row][\/et_pb_section][et_pb_section fb_built=\u00bb1&#8243; fullwidth=\u00bbon\u00bb next_background_color=\u00bb#ffffff\u00bb admin_label=\u00bbHeader\u00bb _builder_version=\u00bb4.25.0&#8243; background_enable_color=\u00bboff\u00bb use_background_color_gradient=\u00bbon\u00bb background_color_gradient_stops=\u00bbrgba(215,129,52,0.39) 0%|#ffffff 100%\u00bb background_color_gradient_overlays_image=\u00bbon\u00bb background_color_gradient_start=\u00bbrgba(215,129,52,0.39)\u00bb background_color_gradient_end=\u00bb#ffffff\u00bb background_image=\u00bbhttps:\/\/saludmentalvillarrobledo.org\/wp-content\/uploads\/2024\/04\/SaludMentalVillarrobledoMural-scaled.jpg\u00bb background_position=\u00bbtop_left\u00bb background_vertical_offset=\u00bb20%\u00bb custom_margin=\u00bb||\u00bb custom_padding=\u00bb||\u00bb bottom_divider_style=\u00bbwaves\u00bb bottom_divider_height=\u00bb2vw\u00bb bottom_divider_height_last_edited=\u00bboff|desktop\u00bb global_colors_info=\u00bb{}\u00bb][et_pb_fullwidth_header title=\u00bbSERVICIOS\u00bb text_orientation=\u00bbcenter\u00bb content_max_width=\u00bb650px\u00bb _builder_version=\u00bb4.17.3&#8243; title_font=\u00bbAveria Gruesa Libre|700|||||||\u00bb title_text_align=\u00bbcenter\u00bb title_text_color=\u00bb#b23c1f\u00bb title_font_size=\u00bb59px\u00bb title_line_height=\u00bb1.4em\u00bb content_font=\u00bbMuli||||||||\u00bb content_font_size=\u00bb18px\u00bb content_line_height=\u00bb1.8em\u00bb subhead_font=\u00bb||||||||\u00bb background_color=\u00bbrgba(126,190,197,0)\u00bb custom_button_one=\u00bbon\u00bb button_one_text_size=\u00bb16px\u00bb button_one_text_color=\u00bb#ff236c\u00bb button_one_bg_color=\u00bb#ffffff\u00bb button_one_border_width=\u00bb12px\u00bb button_one_border_color=\u00bbrgba(0,0,0,0)\u00bb button_one_border_radius=\u00bb50px\u00bb button_one_letter_spacing=\u00bb4px\u00bb button_one_font=\u00bbFredoka One|||on|||||\u00bb button_one_use_icon=\u00bboff\u00bb custom_button_two=\u00bbon\u00bb button_two_text_size=\u00bb16px\u00bb button_two_text_color=\u00bb#ff236c\u00bb button_two_bg_color=\u00bb#ffffff\u00bb button_two_border_width=\u00bb12px\u00bb button_two_border_color=\u00bb#ffffff\u00bb button_two_border_radius=\u00bb50px\u00bb button_two_letter_spacing=\u00bb4px\u00bb button_two_font=\u00bbFredoka One|900||on|||||\u00bb button_two_use_icon=\u00bboff\u00bb custom_margin=\u00bb||1px||false|\u00bb custom_padding=\u00bb1vw||1vw||true|\u00bb animation_style=\u00bbzoom\u00bb animation_intensity_zoom=\u00bb5%\u00bb title_font_size_tablet=\u00bb60px\u00bb title_font_size_phone=\u00bb40px\u00bb title_font_size_last_edited=\u00bbon|phone\u00bb content_font_size_tablet=\u00bb\u00bb content_font_size_phone=\u00bb16px\u00bb content_font_size_last_edited=\u00bbon|phone\u00bb custom_css_header_container=\u00bbwidth: 100%;\u00bb box_shadow_style_button_one=\u00bbpreset3&#8243; box_shadow_blur_button_one=\u00bb48px\u00bb button_one_letter_spacing_hover=\u00bb4px\u00bb button_two_letter_spacing_hover=\u00bb4px\u00bb global_colors_info=\u00bb{}\u00bb button_one_text_size__hover_enabled=\u00bboff\u00bb button_two_text_size__hover_enabled=\u00bboff\u00bb button_one_text_color__hover_enabled=\u00bboff\u00bb button_two_text_color__hover_enabled=\u00bboff\u00bb button_one_border_width__hover_enabled=\u00bboff\u00bb button_two_border_width__hover_enabled=\u00bboff\u00bb button_one_border_color__hover_enabled=\u00bboff\u00bb button_two_border_color__hover_enabled=\u00bboff\u00bb button_one_border_radius__hover_enabled=\u00bboff\u00bb button_two_border_radius__hover_enabled=\u00bboff\u00bb button_one_letter_spacing__hover_enabled=\u00bbon\u00bb button_one_letter_spacing__hover=\u00bb4px\u00bb button_two_letter_spacing__hover_enabled=\u00bbon\u00bb button_two_letter_spacing__hover=\u00bb4px\u00bb button_one_bg_color__hover_enabled=\u00bboff\u00bb button_two_bg_color__hover_enabled=\u00bboff\u00bb background_color__hover=\u00bb#7EBEC5&#8243; background_color__hover_enabled=\u00bb#7EBEC5&#8243; use_background_color_gradient__hover=\u00bboff\u00bb use_background_color_gradient__hover_enabled=\u00bboff\u00bb background_color_gradient_start__hover=\u00bb#2b87da\u00bb background_color_gradient_start__hover_enabled=\u00bb#2b87da\u00bb background_color_gradient_end__hover=\u00bb#29c4a9&#8243; background_color_gradient_end__hover_enabled=\u00bb#29c4a9&#8243; background_color_gradient_type__hover=\u00bblinear\u00bb background_color_gradient_type__hover_enabled=\u00bblinear\u00bb background_color_gradient_direction__hover=\u00bb180deg\u00bb background_color_gradient_direction__hover_enabled=\u00bb180deg\u00bb background_color_gradient_direction_radial__hover=\u00bbcenter\u00bb background_color_gradient_direction_radial__hover_enabled=\u00bbcenter\u00bb background_color_gradient_start_position__hover=\u00bb0%\u00bb background_color_gradient_start_position__hover_enabled=\u00bb0%\u00bb background_color_gradient_end_position__hover=\u00bb100%\u00bb background_color_gradient_end_position__hover_enabled=\u00bb100%\u00bb background_color_gradient_overlays_image__hover=\u00bboff\u00bb background_color_gradient_overlays_image__hover_enabled=\u00bboff\u00bb parallax__hover=\u00bboff\u00bb parallax__hover_enabled=\u00bboff\u00bb parallax_method__hover=\u00bboff\u00bb parallax_method__hover_enabled=\u00bboff\u00bb background_size__hover=\u00bbcover\u00bb background_size__hover_enabled=\u00bbcover\u00bb background_position__hover=\u00bbcenter\u00bb background_position__hover_enabled=\u00bbcenter\u00bb background_repeat__hover=\u00bbno-repeat\u00bb background_repeat__hover_enabled=\u00bbno-repeat\u00bb background_blend__hover=\u00bbnormal\u00bb background_blend__hover_enabled=\u00bbnormal\u00bb allow_player_pause__hover=\u00bboff\u00bb allow_player_pause__hover_enabled=\u00bboff\u00bb background_video_pause_outside_viewport__hover=\u00bbon\u00bb background_video_pause_outside_viewport__hover_enabled=\u00bbon\u00bb background_color_gradient_stops__hover=\u00bb#2b87da 0%|#29c4a9 100%\u00bb][\/et_pb_fullwidth_header][\/et_pb_section][et_pb_section fb_built=\u00bb1&#8243; custom_padding_last_edited=\u00bbon|desktop\u00bb admin_label=\u00bbHeader\u00bb module_id=\u00bbinformaci\u00f3n,asesoramientoyvaloracion\u00bb _builder_version=\u00bb4.16&#8243; use_background_color_gradient=\u00bbon\u00bb background_color_gradient_stops=\u00bbrgba(255,255,255,0.8) 0%|rgba(255,255,255,0.24) 80%\u00bb background_color_gradient_overlays_image=\u00bbon\u00bb background_color_gradient_start=\u00bbrgba(255,255,255,0.8)\u00bb background_color_gradient_end=\u00bbrgba(255,255,255,0.24)\u00bb background_color_gradient_end_position=\u00bb80%\u00bb background_image=\u00bbhttps:\/\/saludmentalvillarrobledo.org\/wp-content\/uploads\/2021\/11\/language-school-illustration-12.png\u00bb background_size=\u00bbcontain\u00bb background_position=\u00bbtop_right\u00bb custom_padding=\u00bb110px||||false|false\u00bb custom_padding_tablet=\u00bb140px|0px|50px|0px|false|false\u00bb custom_padding_phone=\u00bb0px||||false|false\u00bb background_last_edited=\u00bbon|phone\u00bb background_enable_image_phone=\u00bboff\u00bb global_colors_info=\u00bb{}\u00bb][et_pb_row use_custom_gutter=\u00bbon\u00bb _builder_version=\u00bb4.16&#8243; width=\u00bb82%\u00bb max_width=\u00bb1636px\u00bb use_custom_width=\u00bbon\u00bb custom_width_px=\u00bb1280px\u00bb global_colors_info=\u00bb{}\u00bb][et_pb_column type=\u00bb4_4&#8243; _builder_version=\u00bb4.16&#8243; custom_padding=\u00bb|||\u00bb global_colors_info=\u00bb{}\u00bb custom_padding__hover=\u00bb|||\u00bb][et_pb_text _builder_version=\u00bb4.25.0&#8243; text_font=\u00bbAveria Gruesa Libre||||||||\u00bb text_font_size=\u00bb21px\u00bb text_line_height=\u00bb2em\u00bb header_font=\u00bbAveria Gruesa Libre||||||||\u00bb header_font_size=\u00bb60px\u00bb header_line_height=\u00bb1.3em\u00bb max_width=\u00bb800px\u00bb text_font_size_tablet=\u00bb\u00bb text_font_size_phone=\u00bb15px\u00bb text_font_size_last_edited=\u00bbon|phone\u00bb text_line_height_tablet=\u00bb\u00bb text_line_height_phone=\u00bb1.6em\u00bb text_line_height_last_edited=\u00bbon|phone\u00bb header_font_size_tablet=\u00bb50px\u00bb header_font_size_phone=\u00bb32px\u00bb header_font_size_last_edited=\u00bbon|phone\u00bb global_colors_info=\u00bb{}\u00bb]<\/p>\n<h1>Informaci\u00f3n, Asesoramiento y Valoraci\u00f3n<\/h1>\n<p>&nbsp;<\/p>\n<p style=\"text-align: justify;\">\u00a0 \u00a0 Es un servicio que trata de dar respuesta a las demandas de informaci\u00f3n, asesoramiento y orientaci\u00f3n en el \u00e1mbito de la salud mental. El objetivo es tratar, orientar y apoyar a las personas.<\/p>\n<p>[\/et_pb_text][\/et_pb_column][\/et_pb_row][\/et_pb_section][et_pb_section fb_built=\u00bb1&#8243; custom_padding_last_edited=\u00bbon|phone\u00bb admin_label=\u00bbWhy Us\u00bb module_id=\u00bb\u00bfaquienvadirigido?\u00bb _builder_version=\u00bb4.16&#8243; custom_padding=\u00bb110px|||||\u00bb custom_padding_tablet=\u00bb110px|||||\u00bb custom_padding_phone=\u00bb36px||||false|false\u00bb box_shadow_style=\u00bbpreset1&#8243; global_colors_info=\u00bb{}\u00bb][et_pb_row _builder_version=\u00bb4.16&#8243; locked=\u00bboff\u00bb global_colors_info=\u00bb{}\u00bb][et_pb_column type=\u00bb4_4&#8243; _builder_version=\u00bb4.16&#8243; custom_padding=\u00bb|||\u00bb global_colors_info=\u00bb{}\u00bb custom_padding__hover=\u00bb|||\u00bb][et_pb_text _builder_version=\u00bb4.17.3&#8243; text_font=\u00bbEB Garamond|700|||||||\u00bb text_text_color=\u00bbrgba(0,0,0,0.02)\u00bb text_font_size=\u00bb80px\u00bb text_line_height=\u00bb0em\u00bb header_2_font=\u00bbAveria Gruesa Libre||||||||\u00bb header_2_font_size=\u00bb55px\u00bb header_2_line_height=\u00bb1.3em\u00bb text_orientation=\u00bbcenter\u00bb text_font_size_tablet=\u00bb50px\u00bb text_font_size_phone=\u00bb30px\u00bb text_font_size_last_edited=\u00bbon|desktop\u00bb header_2_font_size_tablet=\u00bb40px\u00bb header_2_font_size_phone=\u00bb30px\u00bb header_2_font_size_last_edited=\u00bbon|phone\u00bb global_colors_info=\u00bb{}\u00bb]<\/p>\n<p>SERVICIOS<\/p>\n<h2>\u00bfA qui\u00e9n va dirigido?<\/h2>\n<p>[\/et_pb_text][\/et_pb_column][\/et_pb_row][et_pb_row use_custom_gutter=\u00bbon\u00bb custom_padding_last_edited=\u00bbon|phone\u00bb _builder_version=\u00bb4.25.0&#8243; background_color=\u00bb#ffffff\u00bb width=\u00bb82%\u00bb max_width=\u00bb1636px\u00bb custom_margin=\u00bb3px|auto||auto||\u00bb custom_padding=\u00bb|60px||60px|true|true\u00bb custom_padding_tablet=\u00bb|40px||40px||true\u00bb custom_padding_phone=\u00bb|20px||20px||true\u00bb box_shadow_style=\u00bbpreset1&#8243; box_shadow_spread=\u00bb22px\u00bb box_shadow_color=\u00bbrgba(82,91,91,0.22)\u00bb locked=\u00bboff\u00bb global_colors_info=\u00bb{}\u00bb][et_pb_column type=\u00bb4_4&#8243; _builder_version=\u00bb4.16&#8243; custom_padding=\u00bb|||\u00bb global_colors_info=\u00bb{}\u00bb custom_padding__hover=\u00bb|||\u00bb][et_pb_blurb title=\u00bbPersonas con alg\u00fan problema de salud mental, familiares y\/o allegados\u00bb icon_placement=\u00bbleft\u00bb content_max_width=\u00bb1100px\u00bb _builder_version=\u00bb4.25.0&#8243; header_font=\u00bbAveria Gruesa Libre|600|||||||\u00bb header_text_align=\u00bbcenter\u00bb header_font_size=\u00bb21px\u00bb header_line_height=\u00bb1.6em\u00bb body_font=\u00bb||||||||\u00bb body_font_size=\u00bb15px\u00bb body_line_height=\u00bb2em\u00bb header_font_size_tablet=\u00bb\u00bb header_font_size_phone=\u00bb15px\u00bb header_font_size_last_edited=\u00bbon|phone\u00bb body_line_height_tablet=\u00bb\u00bb body_line_height_phone=\u00bb1.6em\u00bb body_line_height_last_edited=\u00bbon|phone\u00bb global_colors_info=\u00bb{}\u00bb][\/et_pb_blurb][et_pb_text _builder_version=\u00bb4.27.5&#8243; text_font=\u00bbAveria Gruesa Libre||||||||\u00bb text_font_size=\u00bb21px\u00bb text_line_height=\u00bb2em\u00bb ul_font=\u00bb||||||||\u00bb ol_font=\u00bb||||||||\u00bb header_font=\u00bbAveria Gruesa Libre|600|||||||\u00bb header_font_size=\u00bb21px\u00bb header_line_height=\u00bb1.6em\u00bb header_2_font=\u00bbEB Garamond||||||||\u00bb header_2_font_size=\u00bb50px\u00bb header_2_line_height=\u00bb1.3em\u00bb header_3_font=\u00bb||||||||\u00bb header_4_font=\u00bb|700||on|||||\u00bb header_4_text_color=\u00bb#ffdaa4&#8243; header_4_font_size=\u00bb12px\u00bb header_4_letter_spacing=\u00bb2px\u00bb header_4_line_height=\u00bb2em\u00bb header_5_font=\u00bb||||||||\u00bb header_6_font=\u00bb||||||||\u00bb text_font_size_tablet=\u00bb21px\u00bb text_font_size_phone=\u00bb15px\u00bb text_font_size_last_edited=\u00bbon|phone\u00bb text_line_height_tablet=\u00bb\u00bb text_line_height_phone=\u00bb1.6em\u00bb text_line_height_last_edited=\u00bbon|phone\u00bb header_font_size_tablet=\u00bb21px\u00bb header_font_size_phone=\u00bb15px\u00bb header_font_size_last_edited=\u00bbon|desktop\u00bb header_2_font_size_tablet=\u00bb40px\u00bb header_2_font_size_phone=\u00bb30px\u00bb header_2_font_size_last_edited=\u00bbon|phone\u00bb locked=\u00bboff\u00bb global_colors_info=\u00bb{}\u00bb body_line_height_phone=\u00bb1.6em\u00bb body_line_height_last_edited=\u00bbon|phone\u00bb body_line_height_tablet=\u00bb2em\u00bb]<\/p>\n<p style=\"text-align: justify;\">\u00a0Servicio dirigido a la poblaci\u00f3n en general con car\u00e1cter informativo y de asesoramiento en materia de salud mental.<\/p>\n<p>[\/et_pb_text][\/et_pb_column][\/et_pb_row][\/et_pb_section][et_pb_section fb_built=\u00bb1&#8243; custom_padding_last_edited=\u00bbon|phone\u00bb admin_label=\u00bbOnline Classes\u00bb module_id=\u00bbCRPSL\u00bb _builder_version=\u00bb4.16&#8243; custom_padding=\u00bb110px||1px|||\u00bb custom_padding_tablet=\u00bb110px||1px|||\u00bb custom_padding_phone=\u00bb36px||||false|false\u00bb global_colors_info=\u00bb{}\u00bb][et_pb_row use_custom_gutter=\u00bbon\u00bb _builder_version=\u00bb4.16&#8243; width=\u00bb82%\u00bb max_width=\u00bb1636px\u00bb custom_padding=\u00bb||0px|||\u00bb locked=\u00bboff\u00bb global_colors_info=\u00bb{}\u00bb][et_pb_column type=\u00bb4_4&#8243; _builder_version=\u00bb4.16&#8243; custom_padding=\u00bb|||\u00bb global_colors_info=\u00bb{}\u00bb custom_padding__hover=\u00bb|||\u00bb][et_pb_text _builder_version=\u00bb4.17.3&#8243; text_font=\u00bbEB Garamond|700|||||||\u00bb text_text_color=\u00bbrgba(0,0,0,0.02)\u00bb text_font_size=\u00bb80px\u00bb text_line_height=\u00bb0em\u00bb header_2_font=\u00bbAveria Gruesa Libre||||||||\u00bb header_2_font_size=\u00bb55px\u00bb header_2_line_height=\u00bb1.3em\u00bb text_orientation=\u00bbcenter\u00bb text_font_size_tablet=\u00bb50px\u00bb text_font_size_phone=\u00bb30px\u00bb text_font_size_last_edited=\u00bbon|desktop\u00bb header_2_font_size_tablet=\u00bb40px\u00bb header_2_font_size_phone=\u00bb30px\u00bb header_2_font_size_last_edited=\u00bbon|phone\u00bb global_colors_info=\u00bb{}\u00bb]<\/p>\n<p>SERVICIOS<\/p>\n<h2>Centro de Rehabilitaci\u00f3n Psicosocial y Laboral (CRPSL)<\/h2>\n<p>[\/et_pb_text][et_pb_text _builder_version=\u00bb4.25.0&#8243; text_font=\u00bbAveria Gruesa Libre||||||||\u00bb text_font_size=\u00bb21px\u00bb text_line_height=\u00bb2em\u00bb ul_font=\u00bb||||||||\u00bb ol_font=\u00bb||||||||\u00bb header_font=\u00bbAveria Gruesa Libre|600|||||||\u00bb header_font_size=\u00bb21px\u00bb header_line_height=\u00bb1.6em\u00bb header_2_font=\u00bbEB Garamond||||||||\u00bb header_2_font_size=\u00bb50px\u00bb header_2_line_height=\u00bb1.3em\u00bb header_3_font=\u00bb||||||||\u00bb header_4_font=\u00bb|700||on|||||\u00bb header_4_text_color=\u00bb#ffdaa4&#8243; header_4_font_size=\u00bb12px\u00bb header_4_letter_spacing=\u00bb2px\u00bb header_4_line_height=\u00bb2em\u00bb header_5_font=\u00bb||||||||\u00bb header_6_font=\u00bb||||||||\u00bb text_font_size_tablet=\u00bb21px\u00bb text_font_size_phone=\u00bb15px\u00bb text_font_size_last_edited=\u00bbon|phone\u00bb text_line_height_tablet=\u00bb\u00bb text_line_height_phone=\u00bb1.6em\u00bb text_line_height_last_edited=\u00bbon|phone\u00bb header_font_size_tablet=\u00bb21px\u00bb header_font_size_phone=\u00bb15px\u00bb header_font_size_last_edited=\u00bbon|desktop\u00bb header_2_font_size_tablet=\u00bb40px\u00bb header_2_font_size_phone=\u00bb30px\u00bb header_2_font_size_last_edited=\u00bbon|phone\u00bb locked=\u00bboff\u00bb global_colors_info=\u00bb{}\u00bb body_line_height_phone=\u00bb1.6em\u00bb body_line_height_last_edited=\u00bbon|phone\u00bb body_line_height_tablet=\u00bb2em\u00bb]<\/p>\n<p style=\"text-align: justify;\">\u00a0 \u00a0 El centro de Rehabilitaci\u00f3n Psicosocial y Laboral (CRPSL) de Villarrobledo es un dispositivo ambulatorio de la <strong>red de recursos de salud mental<\/strong>, integrado en los programas de rehabilitaci\u00f3n psicosocial y apoyo comunitario dependientes de la Fundaci\u00f3n Sociosanitaria de Castilla la Mancha (FSCLM).<\/p>\n<p style=\"text-align: justify;\">\u00a0 \u00a0 Los fines principales son la <strong>prevenci\u00f3n, rehabilitaci\u00f3n y apoyo social y laboral\u00a0<\/strong>de personas con problemas de salud mental de entre 18 y 65 a\u00f1os y sus familiares, en coordinaci\u00f3n con el Servicio de Salud Mental de Castilla La Mancha (SESCAM).El acceso al recurso se realiza a trav\u00e9s de la derivaci\u00f3n por parte de los servicios de salud mental del SESCAM.<\/p>\n<p style=\"text-align: justify;\"><strong>\u00bfCu\u00e1l es la forma de acceso?<\/strong><\/p>\n<p style=\"text-align: justify;\">\u00a0 \u00a0 \u00a0 Las personas acceden al CRPSL a trav\u00e9s de la derivaci\u00f3n desde los servicios de salud mental de referencia (SESCAM). En algunos casos, se recibe informaci\u00f3n sobre personas susceptibles de atenci\u00f3n desde los servicios sociales o cualquier otro servicio asistencial relacionado con las personas con problemas de salud mental (centros de salud, SS. SS, asociaciones, consultorios, etc.), canalizando estas derivaciones hacia el sistema de salud mental de referencia.<\/p>\n<p style=\"text-align: justify;\"><strong>\u00bfQu\u00e9 prestaciones ofrecen?<\/strong><\/p>\n<p>\u00a0 \u00a0 \u00a0 \u00a0El <strong>CRPSL<\/strong> desarrolla los siguientes Programas y actividades asistenciales:<\/p>\n<ul>\n<li>\u00a0 \u00a0<strong>Programas de Rehabilitaci\u00f3n psicosocial.<\/strong> Programas y actividades de entrenamiento, recuperaci\u00f3n y adquisici\u00f3n de habilidades orientadas a la prevenci\u00f3n de reca\u00eddas y a la mejora del funcionamiento personal y social: Programa de Actividades de la Vida Diaria, Rehabilitaci\u00f3n Cognitiva, Habilidades Sociales, Psicoeducaci\u00f3n y Prevenci\u00f3n de reca\u00eddas, Autocontrol y manejo de estr\u00e9s, ocio y tiempo libre, psicomotricidad, deporte.<\/li>\n<\/ul>\n<p>&nbsp;<\/p>\n<ul>\n<li>\u00a0 \u00a0 <strong>Programas de rehabilitaci\u00f3n laboral.<\/strong> Programas y actividades para preparar y capacitar a las personas en el manejo de las demandas y exigencias que supone la b\u00fasqueda, acceso y mantenimiento en el mercado de trabajo: Orientaci\u00f3n Vocacional, Habilidades de Ajuste laboral, Habilidades para la B\u00fasqueda de Empleo, Apoyo al acceso y mantenimiento en el puesto de trabajo.<\/li>\n<\/ul>\n<p>&nbsp;<\/p>\n<ul>\n<li>\u00a0 \u00a0 <strong>Programas de Apoyo a la integraci\u00f3n comunitaria.<\/strong> Son un conjunto de actividades orientadas a integrar a las personas en el circuito comunitario normalizado.<br \/>Programas de Apoyo y Soporte social. Son un conjunto de actividades de apoyo y soporte social (social, cultural, deportivas, de ocio, ocupacionales) para usuarios con dificultades de integraci\u00f3n que sirven de contexto para la socializaci\u00f3n y estructuraci\u00f3n de la vida cotidiana.<\/li>\n<\/ul>\n<p>&nbsp;<\/p>\n<ul>\n<li>\u00a0 \u00a0 <strong>Programas de Asesoramiento, entrenamiento y apoyo familiar.<\/strong> Son un conjunto de actividades y programas dirigidos a informar y asesorar, apoyar a las familias para que mejoren su capacidad de manejo y comprensi\u00f3n de la enfermedad mental y la convivencia.<\/li>\n<\/ul>\n<p>&nbsp;<\/p>\n<ul>\n<li>\u00a0 \u00a0<strong> Programas dirigidos al entorno comunitario.<\/strong> Son un conjunto de actividades y programas dirigidos a informar a los recursos sociales y laborales: programas de sensibilizaci\u00f3n y lucha contra el estigma dirigidos a poblaci\u00f3n general, contacto y coordinaci\u00f3n con el tejido formativo-laboral, coordinaci\u00f3n con los recursos comunitarios normalizados de soporte social y apoyo a la inserci\u00f3n comunitaria.<\/li>\n<\/ul>\n<p><strong>Procesos de Intervenci\u00f3n<\/strong><\/p>\n<p style=\"text-align: justify;\">\u00a0 \u00a0 Ofrecemos una atenci\u00f3n personalizada e integral para mejorar la calidad de vida y autonom\u00eda de las personas con problemas de salud mental. Para ello trabajamos la coordinaci\u00f3n con recursos sanitarios, sociales, de apoyo laboral y comunitarios del entorno m\u00e1s cercano.<\/p>\n<p><strong>Dise\u00f1amos un plan individualizado de atenci\u00f3n para un proceso global de intervenci\u00f3n:<\/strong><\/p>\n<ol>\n<li style=\"text-align: justify;\">\u00a0Realizamos una valoraci\u00f3n conjunta con la persona en la cual se identifican los objetivos y aspectos para trabajar a trav\u00e9s de intervenciones individuales y\/o grupales con los profesionales de cada \u00e1rea.<\/li>\n<li style=\"text-align: justify;\">\u00a0Planificamos objetivos y estrategias que conlleven la participaci\u00f3n de la persona en su propio proceso de recuperaci\u00f3n y la elaboraci\u00f3n de un proyecto de vida ajustado.<\/li>\n<li style=\"text-align: justify;\">\u00a0Revisamos y realizamos seguimiento y mantenimiento de objetivos.<\/li>\n<li style=\"text-align: justify;\">\u00a0Incorporamos a la familia y el entorno en el proceso de la persona.<\/li>\n<\/ol>\n<p><strong>\u00bfCual es el equipo de profesionales?<\/strong><\/p>\n<p style=\"text-align: justify;\">\u00a0 \u00a0 Los CRPSL cuentan con un equipo multidisciplinar compuesto por, al menos,<strong> psic\u00f3logo\/a, trabajador social, terapeuta ocupacional, monitor y auxiliar administrativo.<\/strong><\/p>\n<p>&nbsp;<\/p>\n<p>[\/et_pb_text][\/et_pb_column][\/et_pb_row][et_pb_row _builder_version=\u00bb4.17.3&#8243; _module_preset=\u00bbdefault\u00bb global_colors_info=\u00bb{}\u00bb][et_pb_column type=\u00bb4_4&#8243; _builder_version=\u00bb4.17.3&#8243; _module_preset=\u00bbdefault\u00bb global_colors_info=\u00bb{}\u00bb][et_pb_blurb title=\u00bbContacto (CRPSL) : crpsl@saludmentalvillarrobledo.org \u00bb use_icon=\u00bbon\u00bb font_icon=\u00bb&#xe076;||divi||400&#8243; icon_color=\u00bb#E09900&#8243; icon_placement=\u00bbleft\u00bb content_max_width=\u00bb1100px\u00bb _builder_version=\u00bb4.27.5&#8243; header_font=\u00bbAveria Gruesa Libre|600|||||||\u00bb header_text_align=\u00bbleft\u00bb header_font_size=\u00bb21px\u00bb header_line_height=\u00bb1.6em\u00bb body_font=\u00bb||||||||\u00bb body_font_size=\u00bb15px\u00bb body_line_height=\u00bb2em\u00bb custom_padding=\u00bb||42px|||\u00bb hover_enabled=\u00bb0&#8243; header_font_size_tablet=\u00bb\u00bb header_font_size_phone=\u00bb15px\u00bb header_font_size_last_edited=\u00bbon|desktop\u00bb body_line_height_tablet=\u00bb\u00bb body_line_height_phone=\u00bb1.6em\u00bb body_line_height_last_edited=\u00bbon|phone\u00bb locked=\u00bboff\u00bb global_colors_info=\u00bb{}\u00bb url=\u00bbmailto:crpsl@saludmentalvillarrobledo.org \u00bb sticky_enabled=\u00bb0&#8243;][\/et_pb_blurb][\/et_pb_column][\/et_pb_row][\/et_pb_section][et_pb_section fb_built=\u00bb1&#8243; custom_padding_last_edited=\u00bbon|phone\u00bb admin_label=\u00bbOnline Classes\u00bb module_id=\u00bbProgramas\u00bb _builder_version=\u00bb4.25.0&#8243; custom_padding=\u00bb110px||1px|||\u00bb custom_padding_tablet=\u00bb110px||1px|||\u00bb custom_padding_phone=\u00bb36px||||false|false\u00bb global_colors_info=\u00bb{}\u00bb][et_pb_row use_custom_gutter=\u00bbon\u00bb _builder_version=\u00bb4.16&#8243; width=\u00bb82%\u00bb max_width=\u00bb1636px\u00bb custom_padding=\u00bb||0px|||\u00bb locked=\u00bboff\u00bb global_colors_info=\u00bb{}\u00bb][et_pb_column type=\u00bb4_4&#8243; _builder_version=\u00bb4.16&#8243; custom_padding=\u00bb|||\u00bb global_colors_info=\u00bb{}\u00bb custom_padding__hover=\u00bb|||\u00bb][et_pb_text _builder_version=\u00bb4.25.0&#8243; text_font=\u00bbEB Garamond|700|||||||\u00bb text_text_color=\u00bbrgba(0,0,0,0.02)\u00bb text_font_size=\u00bb80px\u00bb text_line_height=\u00bb0em\u00bb header_2_font=\u00bbAveria Gruesa Libre||||||||\u00bb header_2_font_size=\u00bb55px\u00bb header_2_line_height=\u00bb1.3em\u00bb text_orientation=\u00bbcenter\u00bb custom_margin=\u00bb||71px|||\u00bb text_font_size_tablet=\u00bb50px\u00bb text_font_size_phone=\u00bb30px\u00bb text_font_size_last_edited=\u00bbon|desktop\u00bb header_2_font_size_tablet=\u00bb40px\u00bb header_2_font_size_phone=\u00bb30px\u00bb header_2_font_size_last_edited=\u00bbon|phone\u00bb global_colors_info=\u00bb{}\u00bb]<\/p>\n<p>PROGRAMAS INNOVADORES<\/p>\n<h2>Programas Innovadores<\/h2>\n<p>[\/et_pb_text][et_pb_blurb title=\u00bbVoluntariado canino\u00bb use_icon=\u00bbon\u00bb font_icon=\u00bb&#xf1b0;||fa||900&#8243; icon_color=\u00bb#E09900&#8243; icon_placement=\u00bbleft\u00bb content_max_width=\u00bb1100px\u00bb _builder_version=\u00bb4.25.0&#8243; header_font=\u00bbAveria Gruesa Libre|600|||||||\u00bb header_text_align=\u00bbleft\u00bb header_font_size=\u00bb21px\u00bb header_line_height=\u00bb1.6em\u00bb body_font=\u00bb||||||||\u00bb body_font_size=\u00bb15px\u00bb body_line_height=\u00bb2em\u00bb custom_padding=\u00bb||5px|||\u00bb header_font_size_tablet=\u00bb\u00bb header_font_size_phone=\u00bb15px\u00bb header_font_size_last_edited=\u00bbon|desktop\u00bb body_line_height_tablet=\u00bb\u00bb body_line_height_phone=\u00bb1.6em\u00bb body_line_height_last_edited=\u00bbon|phone\u00bb locked=\u00bboff\u00bb global_colors_info=\u00bb{}\u00bb][\/et_pb_blurb][et_pb_text _builder_version=\u00bb4.25.0&#8243; text_font=\u00bbAveria Gruesa Libre||||||||\u00bb text_font_size=\u00bb21px\u00bb text_line_height=\u00bb2em\u00bb ul_font=\u00bb||||||||\u00bb ol_font=\u00bb||||||||\u00bb header_font=\u00bbAveria Gruesa Libre|600|||||||\u00bb header_font_size=\u00bb21px\u00bb header_line_height=\u00bb1.6em\u00bb header_2_font=\u00bbEB Garamond||||||||\u00bb header_2_font_size=\u00bb50px\u00bb header_2_line_height=\u00bb1.3em\u00bb header_3_font=\u00bb||||||||\u00bb header_4_font=\u00bb|700||on|||||\u00bb header_4_text_color=\u00bb#ffdaa4&#8243; header_4_font_size=\u00bb12px\u00bb header_4_letter_spacing=\u00bb2px\u00bb header_4_line_height=\u00bb2em\u00bb header_5_font=\u00bb||||||||\u00bb header_6_font=\u00bb||||||||\u00bb text_font_size_tablet=\u00bb21px\u00bb text_font_size_phone=\u00bb15px\u00bb text_font_size_last_edited=\u00bbon|phone\u00bb text_line_height_tablet=\u00bb\u00bb text_line_height_phone=\u00bb1.6em\u00bb text_line_height_last_edited=\u00bbon|phone\u00bb header_font_size_tablet=\u00bb21px\u00bb header_font_size_phone=\u00bb15px\u00bb header_font_size_last_edited=\u00bbon|desktop\u00bb header_2_font_size_tablet=\u00bb40px\u00bb header_2_font_size_phone=\u00bb30px\u00bb header_2_font_size_last_edited=\u00bbon|phone\u00bb locked=\u00bboff\u00bb global_colors_info=\u00bb{}\u00bb body_line_height_phone=\u00bb1.6em\u00bb body_line_height_last_edited=\u00bbon|phone\u00bb body_line_height_tablet=\u00bb2em\u00bb]<\/p>\n<p style=\"text-align: justify;\">\u00a0 \u00a0 En 2023 comenzamos un nuevo proyecto de voluntariado canino en el <strong>centro integral canino de Villarrobledo<\/strong>. La finalidad es la de promover y apoyar a trav\u00e9s del v\u00ednculo e interacci\u00f3n con animales roles significativos que permiten contribuir a la sociedad. Esta terapia, a diferencia de otras pone el foco en la construcci\u00f3n de recursos positivos y en el bienestar personal. Las teor\u00edas que estudian estos procesos tienden a centrarse en la noci\u00f3n de que los animales poseen atributos \u00fanicos, son capaces de generar un entorno m\u00e1s seguro facilitando la expresi\u00f3n de sensaciones y emociones. La interacci\u00f3n humana-animal ayudar\u00e1 a que se den experiencias positivas, pues los animales saben c\u00f3mo aprovechar nuestras debilidades con una simple mirada a los ojos provocando en nosotros una liberaci\u00f3n de sentimientos muy gratificantes (Asende,2015). Trabajamos por y para la recuperaci\u00f3n de las personas y sus proyectos de vida, pero tambi\u00e9n queremos ayudar a dar difusi\u00f3n a los perros que est\u00e1n en acogida en el @centrocaninovillarrobledo y sacarlos de su rutina diaria d\u00e1ndoles un paseo de liberaci\u00f3n y socializaci\u00f3n por el campo.<\/p>\n<p style=\"text-align: justify;\">Gracias a Mar\u00eda Jos\u00e9, del centro canino de Villarrobledo, por brindarnos esta oportunidad.<\/p>\n<p>[\/et_pb_text][\/et_pb_column][\/et_pb_row][et_pb_row column_structure=\u00bb1_3,1_3,1_3&#8243; use_custom_gutter=\u00bbon\u00bb gutter_width=\u00bb2&#8243; _builder_version=\u00bb4.25.0&#8243; width=\u00bb82%\u00bb max_width=\u00bb1636px\u00bb custom_margin=\u00bb44px|auto||auto||\u00bb custom_padding=\u00bb||159px|||\u00bb animation_style=\u00bbzoom\u00bb animation_intensity_zoom=\u00bb2%\u00bb use_custom_width=\u00bbon\u00bb custom_width_px=\u00bb1280px\u00bb locked=\u00bboff\u00bb global_colors_info=\u00bb{}\u00bb][et_pb_column type=\u00bb1_3&#8243; _builder_version=\u00bb4.16&#8243; custom_padding=\u00bb|||\u00bb global_colors_info=\u00bb{}\u00bb custom_padding__hover=\u00bb|||\u00bb][et_pb_image src=\u00bbhttps:\/\/saludmentalvillarrobledo.org\/wp-content\/uploads\/2024\/04\/IMG_20230615_101515-scaled.jpg\u00bb title_text=\u00bbIMG_20230615_101515&#8243; _builder_version=\u00bb4.25.0&#8243; _module_preset=\u00bbdefault\u00bb global_colors_info=\u00bb{}\u00bb][\/et_pb_image][et_pb_image src=\u00bbhttps:\/\/saludmentalvillarrobledo.org\/wp-content\/uploads\/2024\/04\/IMG-20240308-WA0009.jpg\u00bb title_text=\u00bbIMG-20240308-WA0009&#8243; _builder_version=\u00bb4.25.0&#8243; _module_preset=\u00bbdefault\u00bb global_colors_info=\u00bb{}\u00bb][\/et_pb_image][et_pb_image src=\u00bbhttps:\/\/saludmentalvillarrobledo.org\/wp-content\/uploads\/2024\/04\/IMG_20230615_101608-1-scaled.jpg\u00bb title_text=\u00bbIMG_20230615_101608 (1)\u00bb _builder_version=\u00bb4.25.0&#8243; _module_preset=\u00bbdefault\u00bb global_colors_info=\u00bb{}\u00bb][\/et_pb_image][\/et_pb_column][et_pb_column type=\u00bb1_3&#8243; _builder_version=\u00bb4.16&#8243; custom_padding=\u00bb|||\u00bb global_colors_info=\u00bb{}\u00bb custom_padding__hover=\u00bb|||\u00bb][et_pb_image src=\u00bbhttps:\/\/saludmentalvillarrobledo.org\/wp-content\/uploads\/2024\/04\/IMG-20240308-WA0002.jpg\u00bb title_text=\u00bbIMG-20240308-WA0002&#8243; _builder_version=\u00bb4.25.0&#8243; _module_preset=\u00bbdefault\u00bb global_colors_info=\u00bb{}\u00bb][\/et_pb_image][et_pb_image src=\u00bbhttps:\/\/saludmentalvillarrobledo.org\/wp-content\/uploads\/2024\/04\/IMG-20240308-WA0031.jpg\u00bb title_text=\u00bbIMG-20240308-WA0031&#8243; _builder_version=\u00bb4.25.0&#8243; _module_preset=\u00bbdefault\u00bb global_colors_info=\u00bb{}\u00bb][\/et_pb_image][et_pb_image src=\u00bbhttps:\/\/saludmentalvillarrobledo.org\/wp-content\/uploads\/2024\/04\/IMG_20230905_091451_581.png\u00bb title_text=\u00bbIMG_20230905_091451_581&#8243; _builder_version=\u00bb4.25.0&#8243; _module_preset=\u00bbdefault\u00bb global_colors_info=\u00bb{}\u00bb][\/et_pb_image][\/et_pb_column][et_pb_column type=\u00bb1_3&#8243; _builder_version=\u00bb4.16&#8243; custom_padding=\u00bb|||\u00bb global_colors_info=\u00bb{}\u00bb custom_padding__hover=\u00bb|||\u00bb][et_pb_image src=\u00bbhttps:\/\/saludmentalvillarrobledo.org\/wp-content\/uploads\/2024\/04\/IMG-20240308-WA0006.jpg\u00bb title_text=\u00bbIMG-20240308-WA0006&#8243; _builder_version=\u00bb4.25.0&#8243; _module_preset=\u00bbdefault\u00bb global_colors_info=\u00bb{}\u00bb][\/et_pb_image][et_pb_image src=\u00bbhttps:\/\/saludmentalvillarrobledo.org\/wp-content\/uploads\/2024\/04\/IMG-20240308-WA0041.jpg\u00bb title_text=\u00bbIMG-20240308-WA0041&#8243; _builder_version=\u00bb4.25.0&#8243; _module_preset=\u00bbdefault\u00bb global_colors_info=\u00bb{}\u00bb][\/et_pb_image][\/et_pb_column][\/et_pb_row][\/et_pb_section][et_pb_section fb_built=\u00bb1&#8243; admin_label=\u00bbFooter\u00bb _builder_version=\u00bb4.16&#8243; _module_preset=\u00bbdefault\u00bb background_color=\u00bbrgba(0,0,0,0.48)\u00bb custom_margin=\u00bb-12px||||false|false\u00bb saved_tabs=\u00bball\u00bb locked=\u00bboff\u00bb global_colors_info=\u00bb{}\u00bb][et_pb_row column_structure=\u00bb1_3,1_3,1_3&#8243; use_custom_gutter=\u00bbon\u00bb gutter_width=\u00bb1&#8243; make_equal=\u00bbon\u00bb _builder_version=\u00bb4.16&#8243; _module_preset=\u00bbdefault\u00bb max_width=\u00bb1440px\u00bb custom_margin=\u00bb-90px||||false|false\u00bb custom_padding=\u00bb3px||||false|false\u00bb global_colors_info=\u00bb{}\u00bb][et_pb_column type=\u00bb1_3&#8243; _builder_version=\u00bb4.16&#8243; _module_preset=\u00bbdefault\u00bb background_color=\u00bb#d78134&#8243; background_enable_image=\u00bboff\u00bb background_size=\u00bbinitial\u00bb background_position=\u00bbtop_right\u00bb background_repeat=\u00bbrepeat-y\u00bb custom_padding=\u00bb40px|40px|40px|20px|true|false\u00bb global_colors_info=\u00bb{}\u00bb][et_pb_text _builder_version=\u00bb4.16&#8243; _module_preset=\u00bb5c989a74-8649-4b9a-a4a2-6d2b8ae2551c\u00bb header_4_font=\u00bbAveria Gruesa Libre|700||on|||||\u00bb header_4_text_color=\u00bbrgba(255,255,255,0.5)\u00bb header_4_font_size=\u00bb22px\u00bb header_4_letter_spacing=\u00bb3px\u00bb header_4_line_height=\u00bb1.5em\u00bb custom_margin=\u00bb||0px||false|false\u00bb locked=\u00bboff\u00bb global_colors_info=\u00bb{}\u00bb]<\/p>\n<h4 style=\"text-align: center;\">DIRECCI\u00d3N<\/h4>\n<p>[\/et_pb_text][et_pb_text _builder_version=\u00bb4.16&#8243; _module_preset=\u00bbc2a3d585-c259-4e5a-8faa-710c0e634348&#8243; text_font=\u00bbAveria Gruesa Libre|500|||||||\u00bb text_text_color=\u00bb#FFFFFF\u00bb text_font_size=\u00bb17px\u00bb text_line_height=\u00bb1.6em\u00bb header_5_text_color=\u00bb#FFFFFF\u00bb header_5_line_height=\u00bb1.8em\u00bb text_font_size_tablet=\u00bb15px\u00bb text_font_size_phone=\u00bb14px\u00bb text_font_size_last_edited=\u00bbon|desktop\u00bb header_font_size_tablet=\u00bb55px\u00bb header_font_size_last_edited=\u00bboff|desktop\u00bb locked=\u00bboff\u00bb global_colors_info=\u00bb{}\u00bb]<\/p>\n<p style=\"text-align: center;\"><span>C. San Lorenzo, 39, 02600 \u2013 Villarrobledo \u2013 Albacete.<\/span><\/p>\n<p>[\/et_pb_text][\/et_pb_column][et_pb_column type=\u00bb1_3&#8243; _builder_version=\u00bb4.16&#8243; _module_preset=\u00bbdefault\u00bb background_color=\u00bb#385c55&#8243; background_enable_image=\u00bboff\u00bb background_size=\u00bbinitial\u00bb background_position=\u00bbtop_right\u00bb background_repeat=\u00bbrepeat-y\u00bb custom_padding=\u00bb40px|40px|40px|20px|true|false\u00bb global_colors_info=\u00bb{}\u00bb][et_pb_text _builder_version=\u00bb4.16&#8243; _module_preset=\u00bb5c989a74-8649-4b9a-a4a2-6d2b8ae2551c\u00bb header_4_font=\u00bbAveria Gruesa Libre|700||on|||||\u00bb header_4_text_color=\u00bbrgba(255,255,255,0.5)\u00bb header_4_font_size=\u00bb22px\u00bb header_4_letter_spacing=\u00bb3px\u00bb header_4_line_height=\u00bb1.5em\u00bb custom_margin=\u00bb||0px||false|false\u00bb locked=\u00bboff\u00bb global_colors_info=\u00bb{}\u00bb]<\/p>\n<h4 style=\"text-align: center;\">Email<\/h4>\n<p>[\/et_pb_text][et_pb_text _builder_version=\u00bb4.17.3&#8243; _module_preset=\u00bbc2a3d585-c259-4e5a-8faa-710c0e634348&#8243; text_font=\u00bbAveria Gruesa Libre|500|||||||\u00bb text_text_color=\u00bb#FFFFFF\u00bb text_font_size=\u00bb17px\u00bb text_line_height=\u00bb1.6em\u00bb link_text_color=\u00bb#FFFFFF\u00bb header_5_text_color=\u00bb#FFFFFF\u00bb header_5_line_height=\u00bb1.8em\u00bb text_font_size_tablet=\u00bb15px\u00bb text_font_size_phone=\u00bb14px\u00bb text_font_size_last_edited=\u00bbon|desktop\u00bb locked=\u00bboff\u00bb global_colors_info=\u00bb{}\u00bb]<\/p>\n<p style=\"text-align: center;\"><span><a href=\"mailto:asociacion@saludmentalvillarrobledo.org\">asociacion@saludmentalvillarrobledo.org<\/a><\/span><\/p>\n<p>[\/et_pb_text][\/et_pb_column][et_pb_column type=\u00bb1_3&#8243; _builder_version=\u00bb4.16&#8243; _module_preset=\u00bbdefault\u00bb background_color=\u00bb#b23c1f\u00bb background_enable_image=\u00bboff\u00bb background_size=\u00bbinitial\u00bb background_position=\u00bbtop_right\u00bb background_repeat=\u00bbrepeat-y\u00bb custom_padding=\u00bb40px|40px|40px|20px|true|false\u00bb global_colors_info=\u00bb{}\u00bb][et_pb_text _builder_version=\u00bb4.16&#8243; _module_preset=\u00bb5c989a74-8649-4b9a-a4a2-6d2b8ae2551c\u00bb header_4_font=\u00bbAveria Gruesa Libre|700||on|||||\u00bb header_4_text_color=\u00bbrgba(255,255,255,0.5)\u00bb header_4_font_size=\u00bb22px\u00bb header_4_letter_spacing=\u00bb3px\u00bb header_4_line_height=\u00bb1.5em\u00bb custom_margin=\u00bb||0px||false|false\u00bb locked=\u00bboff\u00bb global_colors_info=\u00bb{}\u00bb]<\/p>\n<h4 style=\"text-align: center;\">Tel\u00e9fono<\/h4>\n<p>[\/et_pb_text][et_pb_text _builder_version=\u00bb4.16&#8243; _module_preset=\u00bbc2a3d585-c259-4e5a-8faa-710c0e634348&#8243; text_font=\u00bbAveria Gruesa Libre|500|||||||\u00bb text_text_color=\u00bb#FFFFFF\u00bb text_font_size=\u00bb17px\u00bb text_line_height=\u00bb1.6em\u00bb link_text_color=\u00bb#FFFFFF\u00bb header_5_text_color=\u00bb#FFFFFF\u00bb header_5_line_height=\u00bb1.8em\u00bb text_font_size_tablet=\u00bb15px\u00bb text_font_size_phone=\u00bb14px\u00bb text_font_size_last_edited=\u00bbon|desktop\u00bb header_font_size_tablet=\u00bb55px\u00bb header_font_size_last_edited=\u00bboff|desktop\u00bb locked=\u00bboff\u00bb global_colors_info=\u00bb{}\u00bb]<\/p>\n<p style=\"text-align: center;\"><span>967 14 44 42<\/span><\/p>\n<p>[\/et_pb_text][\/et_pb_column][\/et_pb_row][et_pb_row column_structure=\u00bb1_3,1_3,1_3&#8243; use_custom_gutter=\u00bbon\u00bb _builder_version=\u00bb4.16&#8243; _module_preset=\u00bbdefault\u00bb width=\u00bb82%\u00bb max_width=\u00bb1426px\u00bb global_colors_info=\u00bb{}\u00bb][et_pb_column type=\u00bb1_3&#8243; _builder_version=\u00bb4.16&#8243; _module_preset=\u00bbdefault\u00bb global_colors_info=\u00bb{}\u00bb][et_pb_code _builder_version=\u00bb4.16&#8243; _module_preset=\u00bbdefault\u00bb global_colors_info=\u00bb{}\u00bb]<iframe src=\"https:\/\/www.google.com\/maps\/embed?pb=!1m14!1m8!1m3!1d12356.1252725826!2d-2.6148206!3d39.264856!3m2!1i1024!2i768!4f13.1!3m3!1m2!1s0x0%3A0x384ea9ab0cb0e7ae!2sAsociaci%C3%B3n%20Salud%20Mental%20Villarrobledo!5e0!3m2!1ses!2ses!4v1649415906633!5m2!1ses!2ses\" width=\"500\" height=\"200\" style=\"border:0;\" allowfullscreen=\"\" loading=\"lazy\" referrerpolicy=\"no-referrer-when-downgrade\"><\/iframe>[\/et_pb_code][\/et_pb_column][et_pb_column type=\u00bb1_3&#8243; _builder_version=\u00bb4.16&#8243; _module_preset=\u00bbdefault\u00bb global_colors_info=\u00bb{}\u00bb][et_pb_text _builder_version=\u00bb4.16&#8243; _module_preset=\u00bb5c989a74-8649-4b9a-a4a2-6d2b8ae2551c\u00bb header_4_font=\u00bbAveria Gruesa Libre|700||on|||||\u00bb header_4_text_color=\u00bb#FFFFFF\u00bb header_4_font_size=\u00bb22px\u00bb header_4_letter_spacing=\u00bb3px\u00bb header_4_line_height=\u00bb1.5em\u00bb header_5_text_color=\u00bb#FFFFFF\u00bb custom_margin=\u00bb||0px||false|false\u00bb locked=\u00bboff\u00bb global_colors_info=\u00bb{}\u00bb]<\/p>\n<h4>Pol\u00edticas<\/h4>\n<p>[\/et_pb_text][et_pb_text _builder_version=\u00bb4.25.1&#8243; _module_preset=\u00bb7262e956-c376-4aa6-9642-c413f71527d0&#8243; text_font=\u00bbAveria Gruesa Libre||||||||\u00bb text_line_height=\u00bb1.8em\u00bb link_text_color=\u00bb#FFFFFF\u00bb link_font_size=\u00bb17px\u00bb link_line_height=\u00bb1.2em\u00bb header_font_size_tablet=\u00bb55px\u00bb header_font_size_last_edited=\u00bboff|desktop\u00bb locked=\u00bboff\u00bb global_colors_info=\u00bb{}\u00bb]<\/p>\n<p><a href=\"https:\/\/saludmentalvillarrobledo.org\/index.php\/politicas-de-privacidad\/\">Pol\u00edticas de Privacidad<\/a><br \/><a href=\"https:\/\/saludmentalvillarrobledo.org\/index.php\/aviso-legal\/\">Compromiso con la protecci\u00f3n de datos personales<\/a><br \/><a href=\"https:\/\/saludmentalvillarrobledo.org\/index.php\/politica-de-cookies\/\">Pol\u00edticas de Cookies<\/a><\/p>\n<p>[\/et_pb_text][\/et_pb_column][et_pb_column type=\u00bb1_3&#8243; _builder_version=\u00bb4.16&#8243; _module_preset=\u00bbdefault\u00bb global_colors_info=\u00bb{}\u00bb][et_pb_text _builder_version=\u00bb4.16&#8243; _module_preset=\u00bb5c989a74-8649-4b9a-a4a2-6d2b8ae2551c\u00bb header_4_font=\u00bbAveria Gruesa Libre|700||on|||||\u00bb header_4_text_color=\u00bb#FFFFFF\u00bb header_4_font_size=\u00bb22px\u00bb header_4_letter_spacing=\u00bb3px\u00bb header_4_line_height=\u00bb1.5em\u00bb header_5_text_color=\u00bb#FFFFFF\u00bb custom_margin=\u00bb||0px||false|false\u00bb locked=\u00bboff\u00bb global_colors_info=\u00bb{}\u00bb]<\/p>\n<h4>Asociaci\u00f3n<\/h4>\n<p>[\/et_pb_text][et_pb_text _builder_version=\u00bb4.17.0&#8243; _module_preset=\u00bb7262e956-c376-4aa6-9642-c413f71527d0&#8243; text_font=\u00bbAveria Gruesa Libre||||||||\u00bb text_line_height=\u00bb1.8em\u00bb link_text_color=\u00bb#FFFFFF\u00bb link_font_size=\u00bb17px\u00bb link_line_height=\u00bb1.2em\u00bb header_font_size_tablet=\u00bb55px\u00bb header_font_size_last_edited=\u00bboff|desktop\u00bb locked=\u00bboff\u00bb global_colors_info=\u00bb{}\u00bb]<\/p>\n<p><a href=\"https:\/\/saludmentalvillarrobledo.org\/index.php\/sobre-nosotros\/\">Sobre Nosotros<\/a><br \/><a href=\"https:\/\/saludmentalvillarrobledo.org\/index.php\/que-hacemos\/\">Misi\u00f3n, Fines y Valores<\/a><br \/><a href=\"https:\/\/saludmentalvillarrobledo.org\/index.php\/servicios\/\">Servicios<\/a><\/p>\n<p>[\/et_pb_text][\/et_pb_column][\/et_pb_row][\/et_pb_section]<\/p>\n","protected":false},"excerpt":{"rendered":"<p>Informaci\u00f3n, Asesoramiento y Valoraci\u00f3n &nbsp; \u00a0 \u00a0 Es un servicio que trata de dar respuesta a las demandas de informaci\u00f3n, asesoramiento y orientaci\u00f3n en el \u00e1mbito de la salud mental. El objetivo es tratar, orientar y apoyar a las personas.SERVICIOS \u00bfA qui\u00e9n va dirigido?\u00a0Servicio dirigido a la poblaci\u00f3n en general con car\u00e1cter informativo y de [&hellip;]<\/p>\n","protected":false},"author":1,"featured_media":0,"parent":0,"menu_order":0,"comment_status":"closed","ping_status":"closed","template":"","meta":{"_et_pb_use_builder":"on","_et_pb_old_content":"","_et_gb_content_width":"","footnotes":""},"class_list":["post-463","page","type-page","status-publish","hentry"],"_links":{"self":[{"href":"https:\/\/saludmentalvillarrobledo.org\/index.php\/wp-json\/wp\/v2\/pages\/463","targetHints":{"allow":["GET"]}}],"collection":[{"href":"https:\/\/saludmentalvillarrobledo.org\/index.php\/wp-json\/wp\/v2\/pages"}],"about":[{"href":"https:\/\/saludmentalvillarrobledo.org\/index.php\/wp-json\/wp\/v2\/types\/page"}],"author":[{"embeddable":true,"href":"https:\/\/saludmentalvillarrobledo.org\/index.php\/wp-json\/wp\/v2\/users\/1"}],"replies":[{"embeddable":true,"href":"https:\/\/saludmentalvillarrobledo.org\/index.php\/wp-json\/wp\/v2\/comments?post=463"}],"version-history":[{"count":169,"href":"https:\/\/saludmentalvillarrobledo.org\/index.php\/wp-json\/wp\/v2\/pages\/463\/revisions"}],"predecessor-version":[{"id":22058,"href":"https:\/\/saludmentalvillarrobledo.org\/index.php\/wp-json\/wp\/v2\/pages\/463\/revisions\/22058"}],"wp:attachment":[{"href":"https:\/\/saludmentalvillarrobledo.org\/index.php\/wp-json\/wp\/v2\/media?parent=463"}],"curies":[{"name":"wp","href":"https:\/\/api.w.org\/{rel}","templated":true}]}}